











{"id":6943,"date":"2023-09-14T12:01:25","date_gmt":"2023-09-14T12:01:25","guid":{"rendered":"https:\/\/www.ginefiv.com\/tasas-exito\/"},"modified":"2024-09-22T09:02:37","modified_gmt":"2024-09-22T09:02:37","slug":"taxes-exit","status":"publish","type":"page","link":"https:\/\/www.ginefiv.com\/ca\/taxes-exit\/","title":{"rendered":"Taxes d\u2019\u00e8xit"},"content":{"rendered":"<section class=\"page-cover has-thumbnail dark-theme\">   <div class=\"page-cover__container container\">     <div class=\"row\">       <div class=\"col-12 col-lg-8\">         <div class=\"page-cover__heading\">           <div class=\"page-cover__heading-wrapper\">                           <div class=\"page-cover__heading-title heading-title title-display hero-title\">               <h1 class=\"title-display\">Les nostres taxes d\u2019\u00e8xit<\/h1>             <\/div>                            <div class=\"page-cover__heading-content text-lg\">                 <p>Amb m\u00e9s de 30 anys d\u2019experi\u00e8ncia i una de les millors taxes d\u2019embar\u00e0s, Ginefiv \u00e9s un dels centres de refer\u00e8ncia a nivell nacional i europeu en el tractament de l\u2019esterilitat i la infertilitat a Espanya.<\/p>               <\/div>                                    <\/div>         <\/div>       <\/div>     <\/div>   <\/div>         <div class=\"parallax-trigger fullsize page-cover-thumbnail\" data-magic=\"parallax\">       <picture class=\"page-cover__picture parallax-trigger__item\" data-item=\"parallax-item\">         <img decoding=\"async\" src=\"https:\/\/www.ginefiv.com\/wp-content\/uploads\/2023\/10\/tasas-de-exito-scaled.webp\" alt=\"Taxes d\u2019\u00e8xit\">       <\/picture>     <\/div>     <\/section>   <section class=\"wp-block-breadcrumbs\">   <div class=\"content-wrapper\">     <ul>                   <li>               <a href=\"https:\/\/www.ginefiv.com\/ca\/\" title=\"Ginefiv Espa\u00f1a\">                 Ginefiv              <\/a>             <\/li>                         <li>               <span class=\"current\" title=\"Taxes d\u2019\u00e8xit\">                 Taxes d\u2019\u00e8xit              <\/span>             <\/li>                 <\/ul>   <\/div> <\/section>    <div class=\"wp-block-columns is-layout-flex wp-container-core-columns-is-layout-28f84493 wp-block-columns-is-layout-flex\"> <div class=\"wp-block-column is-layout-flow wp-block-column-is-layout-flow\"> <p class=\"has-text-align-center has-medium-font-size\">Una de les seves fites \u00e9s el naixement del primer beb\u00e8 procedent d\u2019embrions congelats a Madrid, el 1988, i el primer naixement despr\u00e9s de fertilitzaci\u00f3 per microinjecci\u00f3 esperm\u00e0tica, el 1996. Com a mostra d\u2019aquesta \u00e0mplia traject\u00f2ria i excel\u00b7lents resultats, Ginefiv va ser reconegut com a Millor Instituci\u00f3 Sanit\u00e0ria de l\u2019Any el 2013.<\/p>    <p class=\"has-text-align-center has-medium-font-size\">A continuaci\u00f3 t\u2019informem dels nostres resultats en alguns dels principals tractaments:<\/p> <\/div> <\/div>    <p class=\"has-text-align-center\"><\/p>   <section  class=\"text-block background-light\">   <div class=\"container\">     <div class=\"row\">       <div class=\"col-12\">         <div class=\"text-block__text-wrapper text-heading-block alignment-center\" data-magic=\"appear-in\">                     <h3 class=\"title-display\">Taxa d\u2019embar\u00e0s acumulada per cicle: Cicles de FIV-ICSI<\/h3>                   <\/div>       <\/div>     <\/div>   <\/div>  <\/section>   <figure class=\"wp-block-image size-full is-resized container d-flex justify-content-center\"><img loading=\"lazy\" decoding=\"async\" width=\"900\" height=\"450\" src=\"https:\/\/www.ginefiv.com\/wp-content\/uploads\/2023\/10\/FIV-ICSI.webp\" alt=\"\" class=\"wp-image-2276\" style=\"width:900px;height:450px\" title=\"container\" srcset=\"https:\/\/www.ginefiv.com\/wp-content\/uploads\/2023\/10\/FIV-ICSI.webp 900w, https:\/\/www.ginefiv.com\/wp-content\/uploads\/2023\/10\/FIV-ICSI-300x150.webp 300w, https:\/\/www.ginefiv.com\/wp-content\/uploads\/2023\/10\/FIV-ICSI-768x384.webp 768w\" sizes=\"auto, (max-width: 900px) 100vw, 900px\" \/><\/figure>   <section  class=\"text-block background-light\">   <div class=\"container\">     <div class=\"row\">       <div class=\"col-12\">         <div class=\"text-block__text-wrapper text-heading-block alignment-center\" data-magic=\"appear-in\">                     <h3 class=\"title-display\">Taxa d\u2019embar\u00e0s acumulada per cicle: Cicles de FIV-ICSI amb semen de parella \/ donant<\/h3>                   <\/div>       <\/div>     <\/div>   <\/div>  <\/section>   <figure class=\"wp-block-image size-full container d-flex justify-content-center\"><img loading=\"lazy\" decoding=\"async\" width=\"900\" height=\"450\" src=\"https:\/\/www.ginefiv.com\/wp-content\/uploads\/2023\/10\/FIV-ICSI-MARIDO-DONANTE.webp\" alt=\"\" class=\"wp-image-2291\" srcset=\"https:\/\/www.ginefiv.com\/wp-content\/uploads\/2023\/10\/FIV-ICSI-MARIDO-DONANTE.webp 900w, https:\/\/www.ginefiv.com\/wp-content\/uploads\/2023\/10\/FIV-ICSI-MARIDO-DONANTE-300x150.webp 300w, https:\/\/www.ginefiv.com\/wp-content\/uploads\/2023\/10\/FIV-ICSI-MARIDO-DONANTE-768x384.webp 768w\" sizes=\"auto, (max-width: 900px) 100vw, 900px\" \/><\/figure>   <section  class=\"text-block background-light\">   <div class=\"container\">     <div class=\"row\">       <div class=\"col-12\">         <div class=\"text-block__text-wrapper text-heading-block alignment-center\" data-magic=\"appear-in\">                     <h3 class=\"title-display\">Taxa d\u2019embar\u00e0s acumulada per cicle: Cicles d\u2019OVODON<\/h3>                   <\/div>       <\/div>     <\/div>   <\/div>  <\/section>   <figure class=\"wp-block-image size-full container d-flex justify-content-center\"><img loading=\"lazy\" decoding=\"async\" width=\"900\" height=\"450\" src=\"https:\/\/www.ginefiv.com\/wp-content\/uploads\/2023\/10\/Ciclos-de-OVODON.webp\" alt=\"\" class=\"wp-image-2297\" srcset=\"https:\/\/www.ginefiv.com\/wp-content\/uploads\/2023\/10\/Ciclos-de-OVODON.webp 900w, https:\/\/www.ginefiv.com\/wp-content\/uploads\/2023\/10\/Ciclos-de-OVODON-300x150.webp 300w, https:\/\/www.ginefiv.com\/wp-content\/uploads\/2023\/10\/Ciclos-de-OVODON-768x384.webp 768w\" sizes=\"auto, (max-width: 900px) 100vw, 900px\" \/><\/figure>   <section  class=\"text-block background-light\">   <div class=\"container\">     <div class=\"row\">       <div class=\"col-12\">         <div class=\"text-block__text-wrapper text-heading-block alignment-center\" data-magic=\"appear-in\">                     <h3 class=\"title-display\">Taxa d\u2019embar\u00e0s acumulada per cicle: Cicles d\u2019OVODON amb semen de parella \/ donant<\/h3>                   <\/div>       <\/div>     <\/div>   <\/div>  <\/section>   <figure class=\"wp-block-image size-full container d-flex justify-content-center\"><img loading=\"lazy\" decoding=\"async\" width=\"900\" height=\"450\" src=\"https:\/\/www.ginefiv.com\/wp-content\/uploads\/2023\/10\/Ciclos-de-OVODON-con-semen-de-Marido-Donante.webp\" alt=\"\" class=\"wp-image-2303\" srcset=\"https:\/\/www.ginefiv.com\/wp-content\/uploads\/2023\/10\/Ciclos-de-OVODON-con-semen-de-Marido-Donante.webp 900w, https:\/\/www.ginefiv.com\/wp-content\/uploads\/2023\/10\/Ciclos-de-OVODON-con-semen-de-Marido-Donante-300x150.webp 300w, https:\/\/www.ginefiv.com\/wp-content\/uploads\/2023\/10\/Ciclos-de-OVODON-con-semen-de-Marido-Donante-768x384.webp 768w\" sizes=\"auto, (max-width: 900px) 100vw, 900px\" \/><\/figure>   <section  class=\"text-block background-light\">   <div class=\"container\">     <div class=\"row\">       <div class=\"col-12\">         <div class=\"text-block__text-wrapper text-heading-block alignment-center\" data-magic=\"appear-in\">                     <h3 class=\"title-display\">Taxa d\u2019embar\u00e0s acumulada de pacients que venen d\u2019un altre centre; Cicles de FIV-ICSI i OVODON<\/h3>                   <\/div>       <\/div>     <\/div>   <\/div>  <\/section>   <figure class=\"wp-block-image size-full container d-flex justify-content-center\"><img loading=\"lazy\" decoding=\"async\" width=\"900\" height=\"450\" src=\"https:\/\/www.ginefiv.com\/wp-content\/uploads\/2023\/10\/Ciclos-de-FIV-ICSI-y-OVODON.webp\" alt=\"\" class=\"wp-image-2309\" srcset=\"https:\/\/www.ginefiv.com\/wp-content\/uploads\/2023\/10\/Ciclos-de-FIV-ICSI-y-OVODON.webp 900w, https:\/\/www.ginefiv.com\/wp-content\/uploads\/2023\/10\/Ciclos-de-FIV-ICSI-y-OVODON-300x150.webp 300w, https:\/\/www.ginefiv.com\/wp-content\/uploads\/2023\/10\/Ciclos-de-FIV-ICSI-y-OVODON-768x384.webp 768w\" sizes=\"auto, (max-width: 900px) 100vw, 900px\" \/><\/figure>    <p class=\"container\"><em>** Tasa de Embarazo Acumulada; es la tasa de embarazo acumulada por ciclo incluyendo la transferencia en fresco m\u00e1s las posibles transferencias de embriones vitrificados.<\/em><\/p>    <div class=\"wp-block-columns is-layout-flex wp-container-core-columns-is-layout-28f84493 wp-block-columns-is-layout-flex\"> <div class=\"wp-block-column wp-column-is-centred is-layout-flow wp-block-column-is-layout-flow\" style=\"flex-basis:610px\"> <h2 class=\"wp-block-heading has-text-align-center\">Demana cita o consulta amb un especialista<\/h2>    <p class=\"has-text-align-center\">Tens l&#8217;opci\u00f3 de fer la teva primera consulta in situ a la cl\u00ednica o per videoconfer\u00e8ncia. Tria l&#8217;opci\u00f3 m\u00e9s adequada per a tu.<\/p>    <div class=\"wp-block-buttons is-content-justification-center is-layout-flex wp-container-core-buttons-is-layout-a89b3969 wp-block-buttons-is-layout-flex\"> <div class=\"wp-block-button\"><a class=\"wp-block-button__link has-orange-background-color has-background wp-element-button\" href=\"https:\/\/www.ginefiv.com\/ca\/contacte\/\" style=\"border-radius:5px\">Contacta&#8217;ns<\/a><\/div> <\/div> <\/div> <\/div>    <section> \t<div class=\"cta-block-container\"> \t\t<div class=\"cta-block-container__title\"> \t\t\t<p><h2>\u00bfTens dubtes?<\/h2> <\/p> \t\t<\/div> \t\t<div class=\"cta-block-container__separator d-none d-md-flex\"> \t\t\t<picture> \t\t\t\t<img decoding=\"async\" class=\"separator__img\" src=\"https:\/\/www.ginefiv.com\/wp-content\/themes\/wac-theme\/assets\/images\/icons\/cta-separator.webp\" alt=\"\"> \t\t\t<\/picture> \t\t<\/div> \t\t<div class=\"cta-block-container__icons-row\"> \t\t\t\t\t\t\t<div class=\"actions\"> \t\t\t\t\t<picture class=\"action__thumbnail\"> \t\t\t\t\t\t<img decoding=\"async\" class=\"action__img\" src=\"https:\/\/www.ginefiv.com\/wp-content\/themes\/wac-theme\/assets\/images\/icons\/cta-phone.webp\" alt=\"\"> \t\t\t\t\t<\/picture> \t\t\t\t\t<div class=\"action__text\"> \t\t\t\t\t\t\t\t\t\t\t\t\t<a class=\"action__text\" href=\"tel:900 908 988\" target=\"_blank\"> \t\t\t\t\t\t\t\t<p> \t\t\t\t\t\t\t\t\tTruca\u2019ns de franc <br><strong>900 908 988<\/strong>\t\t\t\t\t\t\t\t<\/p> \t\t\t\t\t\t\t<\/a> \t\t\t\t\t\t\t\t\t\t\t<\/div> \t\t\t\t<\/div> \t\t\t\t\t\t\t<div class=\"actions\"> \t\t\t\t\t<picture class=\"action__thumbnail\"> \t\t\t\t\t\t<img decoding=\"async\" class=\"action__img\" src=\"https:\/\/www.ginefiv.com\/wp-content\/themes\/wac-theme\/assets\/images\/icons\/cta-clinics.webp\" alt=\"\"> \t\t\t\t\t<\/picture> \t\t\t\t\t<a class=\"action__text permalink underlined\" href=\"https:\/\/www.ginefiv.com\/clinicas\/\"> \t\t\t\t\t\t<p>Visitans en les<\/p> \t\t\t\t\t\t<strong>nostres cl\u00edniques Ginefiv<\/strong> \t\t\t\t\t<\/a> \t\t\t\t<\/div> \t\t\t\t\t\t\t<div class=\"actions\"> \t\t\t\t\t<picture class=\"action__thumbnail\"> \t\t\t\t\t\t<img decoding=\"async\" class=\"action__img\" src=\"https:\/\/www.ginefiv.com\/wp-content\/themes\/wac-theme\/assets\/images\/icons\/cta-appointment.webp\" alt=\"\"> \t\t\t\t\t<\/picture> \t\t\t\t\t<a class=\"action__text permalink underlined\" href=\"https:\/\/www.ginefiv.com\/ca\/demana-cita\/\"> \t\t\t\t\t\t<p>Demana una<\/p> \t\t\t\t\t\t<strong>cita amb Ginefiv<\/strong> \t\t\t\t\t<\/a> \t\t\t\t<\/div> \t\t\t\t\t<\/div> \t<\/div> <\/section>","protected":false},"excerpt":{"rendered":"<p>Una de les seves fites \u00e9s el naixement del primer beb\u00e8 procedent d\u2019embrions congelats a Madrid, el 1988, i el&#8230;<\/p>\n","protected":false},"author":1,"featured_media":2265,"parent":0,"menu_order":0,"comment_status":"closed","ping_status":"closed","template":"","meta":{"_acf_changed":false,"footnotes":""},"class_list":["post-6943","page","type-page","status-publish","has-post-thumbnail","hentry"],"acf":[],"yoast_head":"<!-- This site is optimized with the Yoast SEO plugin v27.0 - https:\/\/yoast.com\/product\/yoast-seo-wordpress\/ -->\n<title>Taxes d&#039;\u00e8xit | Ginefiv Espa\u00f1a<\/title>\n<meta name=\"description\" content=\"Amb m\u00e9s de 30 anys d&#039;experi\u00e8ncia i una de les millors taxes d&#039;embar\u00e0s, Ginefiv \u00e9s un dels centres de refer\u00e8ncia nacional i europeu.\" \/>\n<meta name=\"robots\" content=\"index, follow, max-snippet:-1, max-image-preview:large, max-video-preview:-1\" \/>\n<link rel=\"canonical\" href=\"https:\/\/www.ginefiv.com\/ca\/taxes-exit\/\" \/>\n<meta property=\"og:locale\" content=\"ca_ES\" \/>\n<meta property=\"og:type\" content=\"article\" \/>\n<meta property=\"og:title\" content=\"Taxes d&#039;\u00e8xit | Ginefiv Espa\u00f1a\" \/>\n<meta property=\"og:description\" content=\"Amb m\u00e9s de 30 anys d&#039;experi\u00e8ncia i una de les millors taxes d&#039;embar\u00e0s, Ginefiv \u00e9s un dels centres de refer\u00e8ncia nacional i europeu.\" \/>\n<meta property=\"og:url\" content=\"https:\/\/www.ginefiv.com\/ca\/taxes-exit\/\" \/>\n<meta property=\"og:site_name\" content=\"Ginefiv Espa\u00f1a\" \/>\n<meta property=\"article:modified_time\" content=\"2024-09-22T09:02:37+00:00\" \/>\n<meta property=\"og:image\" content=\"https:\/\/www.ginefiv.com\/wp-content\/uploads\/2023\/10\/tasas-de-exito-scaled.webp\" \/>\n\t<meta property=\"og:image:width\" content=\"2560\" \/>\n\t<meta property=\"og:image:height\" content=\"1280\" \/>\n\t<meta property=\"og:image:type\" content=\"image\/webp\" \/>\n<meta name=\"twitter:card\" content=\"summary_large_image\" \/>\n<meta name=\"twitter:label1\" content=\"Temps estimat de lectura\" \/>\n\t<meta name=\"twitter:data1\" content=\"5 minuts\" \/>\n<script type=\"application\/ld+json\" class=\"yoast-schema-graph\">{\"@context\":\"https:\/\/schema.org\",\"@graph\":[{\"@type\":\"WebPage\",\"@id\":\"https:\/\/www.ginefiv.com\/ca\/taxes-exit\/\",\"url\":\"https:\/\/www.ginefiv.com\/ca\/taxes-exit\/\",\"name\":\"Taxes d'\u00e8xit | Ginefiv Espa\u00f1a\",\"isPartOf\":{\"@id\":\"https:\/\/www.ginefiv.com\/ca\/#website\"},\"primaryImageOfPage\":{\"@id\":\"https:\/\/www.ginefiv.com\/ca\/taxes-exit\/#primaryimage\"},\"image\":{\"@id\":\"https:\/\/www.ginefiv.com\/ca\/taxes-exit\/#primaryimage\"},\"thumbnailUrl\":\"https:\/\/www.ginefiv.com\/wp-content\/uploads\/2023\/10\/tasas-de-exito-scaled.webp\",\"datePublished\":\"2023-09-14T12:01:25+00:00\",\"dateModified\":\"2024-09-22T09:02:37+00:00\",\"description\":\"Amb m\u00e9s de 30 anys d'experi\u00e8ncia i una de les millors taxes d'embar\u00e0s, Ginefiv \u00e9s un dels centres de refer\u00e8ncia nacional i europeu.\",\"breadcrumb\":{\"@id\":\"https:\/\/www.ginefiv.com\/ca\/taxes-exit\/#breadcrumb\"},\"inLanguage\":\"ca\",\"potentialAction\":[{\"@type\":\"ReadAction\",\"target\":[\"https:\/\/www.ginefiv.com\/ca\/taxes-exit\/\"]}]},{\"@type\":\"ImageObject\",\"inLanguage\":\"ca\",\"@id\":\"https:\/\/www.ginefiv.com\/ca\/taxes-exit\/#primaryimage\",\"url\":\"https:\/\/www.ginefiv.com\/wp-content\/uploads\/2023\/10\/tasas-de-exito-scaled.webp\",\"contentUrl\":\"https:\/\/www.ginefiv.com\/wp-content\/uploads\/2023\/10\/tasas-de-exito-scaled.webp\",\"width\":2560,\"height\":1280},{\"@type\":\"BreadcrumbList\",\"@id\":\"https:\/\/www.ginefiv.com\/ca\/taxes-exit\/#breadcrumb\",\"itemListElement\":[{\"@type\":\"ListItem\",\"position\":1,\"name\":\"Home\",\"item\":\"https:\/\/www.ginefiv.com\/ca\/\"},{\"@type\":\"ListItem\",\"position\":2,\"name\":\"Taxes d\u2019\u00e8xit\"}]},{\"@type\":\"WebSite\",\"@id\":\"https:\/\/www.ginefiv.com\/ca\/#website\",\"url\":\"https:\/\/www.ginefiv.com\/ca\/\",\"name\":\"Ginefiv Espa\u00f1a\",\"description\":\"Ginefiv, tu cl\u00ednica de reproducci\u00f3n asistida. 35 a\u00f1os de experiencia en inseminaci\u00f3n artificial y fecundaci\u00f3n in vitro\",\"publisher\":{\"@id\":\"https:\/\/www.ginefiv.com\/ca\/#organization\"},\"potentialAction\":[{\"@type\":\"SearchAction\",\"target\":{\"@type\":\"EntryPoint\",\"urlTemplate\":\"https:\/\/www.ginefiv.com\/ca\/?s={search_term_string}\"},\"query-input\":{\"@type\":\"PropertyValueSpecification\",\"valueRequired\":true,\"valueName\":\"search_term_string\"}}],\"inLanguage\":\"ca\"},{\"@type\":\"Organization\",\"@id\":\"https:\/\/www.ginefiv.com\/ca\/#organization\",\"name\":\"Ginefiv\",\"url\":\"https:\/\/www.ginefiv.com\/ca\/\",\"logo\":{\"@type\":\"ImageObject\",\"inLanguage\":\"ca\",\"@id\":\"https:\/\/www.ginefiv.com\/ca\/#\/schema\/logo\/image\/\",\"url\":\"https:\/\/www.ginefiv.com\/wp-content\/uploads\/2023\/12\/descarga.png\",\"contentUrl\":\"https:\/\/www.ginefiv.com\/wp-content\/uploads\/2023\/12\/descarga.png\",\"width\":437,\"height\":115,\"caption\":\"Ginefiv\"},\"image\":{\"@id\":\"https:\/\/www.ginefiv.com\/ca\/#\/schema\/logo\/image\/\"}}]}<\/script>\n<!-- \/ Yoast SEO plugin. -->","yoast_head_json":{"title":"Taxes d'\u00e8xit | Ginefiv Espa\u00f1a","description":"Amb m\u00e9s de 30 anys d'experi\u00e8ncia i una de les millors taxes d'embar\u00e0s, Ginefiv \u00e9s un dels centres de refer\u00e8ncia nacional i europeu.","robots":{"index":"index","follow":"follow","max-snippet":"max-snippet:-1","max-image-preview":"max-image-preview:large","max-video-preview":"max-video-preview:-1"},"canonical":"https:\/\/www.ginefiv.com\/ca\/taxes-exit\/","og_locale":"ca_ES","og_type":"article","og_title":"Taxes d'\u00e8xit | Ginefiv Espa\u00f1a","og_description":"Amb m\u00e9s de 30 anys d'experi\u00e8ncia i una de les millors taxes d'embar\u00e0s, Ginefiv \u00e9s un dels centres de refer\u00e8ncia nacional i europeu.","og_url":"https:\/\/www.ginefiv.com\/ca\/taxes-exit\/","og_site_name":"Ginefiv Espa\u00f1a","article_modified_time":"2024-09-22T09:02:37+00:00","og_image":[{"width":2560,"height":1280,"url":"https:\/\/www.ginefiv.com\/wp-content\/uploads\/2023\/10\/tasas-de-exito-scaled.webp","type":"image\/webp"}],"twitter_card":"summary_large_image","twitter_misc":{"Temps estimat de lectura":"5 minuts"},"schema":{"@context":"https:\/\/schema.org","@graph":[{"@type":"WebPage","@id":"https:\/\/www.ginefiv.com\/ca\/taxes-exit\/","url":"https:\/\/www.ginefiv.com\/ca\/taxes-exit\/","name":"Taxes d'\u00e8xit | Ginefiv Espa\u00f1a","isPartOf":{"@id":"https:\/\/www.ginefiv.com\/ca\/#website"},"primaryImageOfPage":{"@id":"https:\/\/www.ginefiv.com\/ca\/taxes-exit\/#primaryimage"},"image":{"@id":"https:\/\/www.ginefiv.com\/ca\/taxes-exit\/#primaryimage"},"thumbnailUrl":"https:\/\/www.ginefiv.com\/wp-content\/uploads\/2023\/10\/tasas-de-exito-scaled.webp","datePublished":"2023-09-14T12:01:25+00:00","dateModified":"2024-09-22T09:02:37+00:00","description":"Amb m\u00e9s de 30 anys d'experi\u00e8ncia i una de les millors taxes d'embar\u00e0s, Ginefiv \u00e9s un dels centres de refer\u00e8ncia nacional i europeu.","breadcrumb":{"@id":"https:\/\/www.ginefiv.com\/ca\/taxes-exit\/#breadcrumb"},"inLanguage":"ca","potentialAction":[{"@type":"ReadAction","target":["https:\/\/www.ginefiv.com\/ca\/taxes-exit\/"]}]},{"@type":"ImageObject","inLanguage":"ca","@id":"https:\/\/www.ginefiv.com\/ca\/taxes-exit\/#primaryimage","url":"https:\/\/www.ginefiv.com\/wp-content\/uploads\/2023\/10\/tasas-de-exito-scaled.webp","contentUrl":"https:\/\/www.ginefiv.com\/wp-content\/uploads\/2023\/10\/tasas-de-exito-scaled.webp","width":2560,"height":1280},{"@type":"BreadcrumbList","@id":"https:\/\/www.ginefiv.com\/ca\/taxes-exit\/#breadcrumb","itemListElement":[{"@type":"ListItem","position":1,"name":"Home","item":"https:\/\/www.ginefiv.com\/ca\/"},{"@type":"ListItem","position":2,"name":"Taxes d\u2019\u00e8xit"}]},{"@type":"WebSite","@id":"https:\/\/www.ginefiv.com\/ca\/#website","url":"https:\/\/www.ginefiv.com\/ca\/","name":"Ginefiv Espa\u00f1a","description":"Ginefiv, tu cl\u00ednica de reproducci\u00f3n asistida. 35 a\u00f1os de experiencia en inseminaci\u00f3n artificial y fecundaci\u00f3n in vitro","publisher":{"@id":"https:\/\/www.ginefiv.com\/ca\/#organization"},"potentialAction":[{"@type":"SearchAction","target":{"@type":"EntryPoint","urlTemplate":"https:\/\/www.ginefiv.com\/ca\/?s={search_term_string}"},"query-input":{"@type":"PropertyValueSpecification","valueRequired":true,"valueName":"search_term_string"}}],"inLanguage":"ca"},{"@type":"Organization","@id":"https:\/\/www.ginefiv.com\/ca\/#organization","name":"Ginefiv","url":"https:\/\/www.ginefiv.com\/ca\/","logo":{"@type":"ImageObject","inLanguage":"ca","@id":"https:\/\/www.ginefiv.com\/ca\/#\/schema\/logo\/image\/","url":"https:\/\/www.ginefiv.com\/wp-content\/uploads\/2023\/12\/descarga.png","contentUrl":"https:\/\/www.ginefiv.com\/wp-content\/uploads\/2023\/12\/descarga.png","width":437,"height":115,"caption":"Ginefiv"},"image":{"@id":"https:\/\/www.ginefiv.com\/ca\/#\/schema\/logo\/image\/"}}]}},"_links":{"self":[{"href":"https:\/\/www.ginefiv.com\/ca\/wp-json\/wp\/v2\/pages\/6943","targetHints":{"allow":["GET"]}}],"collection":[{"href":"https:\/\/www.ginefiv.com\/ca\/wp-json\/wp\/v2\/pages"}],"about":[{"href":"https:\/\/www.ginefiv.com\/ca\/wp-json\/wp\/v2\/types\/page"}],"author":[{"embeddable":true,"href":"https:\/\/www.ginefiv.com\/ca\/wp-json\/wp\/v2\/users\/1"}],"replies":[{"embeddable":true,"href":"https:\/\/www.ginefiv.com\/ca\/wp-json\/wp\/v2\/comments?post=6943"}],"version-history":[{"count":0,"href":"https:\/\/www.ginefiv.com\/ca\/wp-json\/wp\/v2\/pages\/6943\/revisions"}],"wp:featuredmedia":[{"embeddable":true,"href":"https:\/\/www.ginefiv.com\/ca\/wp-json\/wp\/v2\/media\/2265"}],"wp:attachment":[{"href":"https:\/\/www.ginefiv.com\/ca\/wp-json\/wp\/v2\/media?parent=6943"}],"curies":[{"name":"wp","href":"https:\/\/api.w.org\/{rel}","templated":true}]}}