











{"id":5958,"date":"2023-10-10T10:35:35","date_gmt":"2023-10-10T10:35:35","guid":{"rendered":"https:\/\/www.ginefiv.com\/treatment\/recepcion-embriones\/"},"modified":"2024-11-22T09:04:16","modified_gmt":"2024-11-22T09:04:16","slug":"recepcio-embrions","status":"publish","type":"treatment","link":"https:\/\/www.ginefiv.com\/ca\/reproduccio-assistida\/recepcio-embrions\/","title":{"rendered":"Recepci\u00f3 de embrions"},"content":{"rendered":"<section class=\"page-cover treatment-section has-thumbnail dark-theme\">     <div class=\"page-cover__container container treatment-page\">         <div class=\"row\">             <div class=\"col-12 col-lg-6 pt-4 pt-lg-0\">                 <div class=\"page-cover__heading\">                     <div class=\"page-cover__heading-wrapper treatment-heading\">                                                   <div class=\"page-cover__heading-subtitle heading-subtitle text-xxl\">                             <p>Reproducci\u00f3 assistida<\/p>                         <\/div>                          <div class=\"page-cover__heading-title heading-title title-display\">                             <h1 class=\"title-display\">Recepci\u00f3 d\u2019embrions<\/h1>                         <\/div>                                                      <div class=\"page-cover__heading-content text-lg\">                                 <p>Gr\u00e0cies a la generositat de pacients que, com tu, van viure un problema d\u2019infertilitat, la recepci\u00f3 d\u2019embrions donats pot ser una alternativa per a alguns pacients.<\/p>                             <\/div>                                                                      <\/div>                 <\/div>             <\/div>              <div class=\"col-12 col-lg-6 pt-5 pt-lg-0 pl-lg-5\">                 <div class=\"treatment-links-container\">                                             <div class=\"treatment-links-container__links text-lg\">                             <ul> <li><a href=\"#que-es\" rel=\"noopener\">Qu\u00e8 \u00e9s la recepci\u00f3 d&#8217;embrions?<\/a><\/li> <li><a href=\"#que-debes-saber\" rel=\"noopener\">Qu\u00e8 cal que s\u00e0pigues sobre la donaci\u00f3 d\u2019embrions?<\/a><\/li> <li><a href=\"#ventajas\" rel=\"noopener\">Quins avantatges t\u00e9 aquesta t\u00e8cnica?<\/a><\/li> <li><a href=\"#fases\" rel=\"noopener\">Fases del tractament<\/a><\/li> <li><a href=\"#lista-espera\" rel=\"noopener\">Hi ha llista d\u2019espera per poder rebre embrions donats?<\/a><\/li> <\/ul>                         <\/div>                                     <\/div>             <\/div>         <\/div>     <\/div>               <div class=\"parallax-trigger fullsize page-cover-thumbnail treatment-thumbnail\" data-magic=\"parallax\">             <picture class=\"page-cover__picture parallax-trigger__item\" data-item=\"parallax-item\">                 <img decoding=\"async\" src=\"https:\/\/www.ginefiv.com\/wp-content\/uploads\/2023\/10\/adopcion-de-embriones-ginefiv.webp\" alt=\"Recepci\u00f3 de embrions\">             <\/picture>         <\/div>       <\/section>   <section class=\"wp-block-breadcrumbs\">   <div class=\"content-wrapper\">     <ul>                   <li>               <a href=\"https:\/\/www.ginefiv.com\/ca\/\" title=\"Ginefiv Espa\u00f1a\">                 Ginefiv              <\/a>             <\/li>                         <li>               <span class=\"current\" title=\"Recepci\u00f3 de embrions\">                 Recepci\u00f3 de embrions              <\/span>             <\/li>                 <\/ul>   <\/div> <\/section>   <section id=\"que-es\" class=\"image-text-block custom-block-spacing align-right\" data-magic=\"float-zigzag\">   <div class=\"container\">         <div class=\"row\">       <div class=\"img-col col-12 col-md-6\">                   <picture class=\"image-text-block__img-wrapper image-wrapper zigzag-element\">                         <img data-src=\"https:\/\/www.ginefiv.com\/wp-content\/uploads\/2023\/10\/Rectangle-29-1.webp\" alt=\"\">           <\/picture>               <\/div>       <div class=\"text-col col-12 col-md-6\">         <div class=\"image-text-block__text-wrapper text-heading-block zigzag-element\">           <div class=\"image-text-block__text-wrapper__content\">             <div class=\"text-block-wrapper\">                             <h3 class=\"title-display\">Qu\u00e8 \u00e9s la recepci\u00f3 d&#8217;embrions?<\/h3>               <p>La recepci\u00f3 d\u2019embrions consisteix  a transferir a l\u2019\u00fater de la pacient uns embrions procedents de parelles que, despr\u00e9s de sotmetre\u2019s a algun <strong><a href=\"https:\/\/www.ginefiv.com\/ca\/reproduccio-assistida\/\">tractament de reproducci\u00f3 assistida<\/a><\/strong>  i en la majoria dels casos haver aconseguit l\u2019embar\u00e0s, decideixen donar de manera an\u00f2nima els embrions sobrers perqu\u00e8 una altra parella o dona receptora pugui aconseguir una gestaci\u00f3.<\/p> <p>La donaci\u00f3 d\u2019embrions \u00e9s un acte absolutament solidari per part de la parella donant, que representa una gran esperan\u00e7a per a altres parelles i pel qual no reben cap tipus de compensaci\u00f3 econ\u00f2mica.<\/p> <p>Tamb\u00e9 es coneix com a donaci\u00f3 d\u2019embrions, ja que hi ha una parella que els dona i una altra que els adopta.<\/p>             <\/div>                       <\/div>         <\/div>       <\/div>     <\/div>   <\/div>  <\/section>   <div class=\"wp-block-columns alignfull has-turquoise-teal-background-color has-background is-layout-flex wp-container-core-columns-is-layout-28f84493 wp-block-columns-is-layout-flex\"> <div class=\"wp-block-column is-layout-flow wp-block-column-is-layout-flow\"> <section class=\"grid-icons-block content-wrapper\">        <div class=\"grid-icon\">             <picture class=\"grid-icon__thumbnail\">         <img loading=\"lazy\" decoding=\"async\" width=\"700\" height=\"700\" src=\"https:\/\/www.ginefiv.com\/wp-content\/uploads\/2023\/10\/35anos.png\" class=\"attachment-large size-large\" alt=\"\" srcset=\"https:\/\/www.ginefiv.com\/wp-content\/uploads\/2023\/10\/35anos.png 700w, https:\/\/www.ginefiv.com\/wp-content\/uploads\/2023\/10\/35anos-300x300.png 300w, https:\/\/www.ginefiv.com\/wp-content\/uploads\/2023\/10\/35anos-150x150.png 150w, https:\/\/www.ginefiv.com\/wp-content\/uploads\/2023\/10\/35anos-420x420.png 420w\" sizes=\"auto, (max-width: 700px) 100vw, 700px\" \/>      <\/picture>             <div class=\"grid-icon__text\">         35 anys d&#8217;experi\u00e8ncia      <\/div>     <\/div>         <div class=\"grid-icon\">             <picture class=\"grid-icon__thumbnail\">         <img loading=\"lazy\" decoding=\"async\" width=\"700\" height=\"700\" src=\"https:\/\/www.ginefiv.com\/wp-content\/uploads\/2023\/10\/mano-cruz.png\" class=\"attachment-large size-large\" alt=\"\" srcset=\"https:\/\/www.ginefiv.com\/wp-content\/uploads\/2023\/10\/mano-cruz.png 700w, https:\/\/www.ginefiv.com\/wp-content\/uploads\/2023\/10\/mano-cruz-300x300.png 300w, https:\/\/www.ginefiv.com\/wp-content\/uploads\/2023\/10\/mano-cruz-150x150.png 150w, https:\/\/www.ginefiv.com\/wp-content\/uploads\/2023\/10\/mano-cruz-420x420.png 420w\" sizes=\"auto, (max-width: 700px) 100vw, 700px\" \/>      <\/picture>             <div class=\"grid-icon__text\">         Seguretat garantida      <\/div>     <\/div>         <div class=\"grid-icon\">             <picture class=\"grid-icon__thumbnail\">         <img loading=\"lazy\" decoding=\"async\" width=\"700\" height=\"700\" src=\"https:\/\/www.ginefiv.com\/wp-content\/uploads\/2023\/10\/auriculares.png\" class=\"attachment-large size-large\" alt=\"\" srcset=\"https:\/\/www.ginefiv.com\/wp-content\/uploads\/2023\/10\/auriculares.png 700w, https:\/\/www.ginefiv.com\/wp-content\/uploads\/2023\/10\/auriculares-300x300.png 300w, https:\/\/www.ginefiv.com\/wp-content\/uploads\/2023\/10\/auriculares-150x150.png 150w, https:\/\/www.ginefiv.com\/wp-content\/uploads\/2023\/10\/auriculares-420x420.png 420w\" sizes=\"auto, (max-width: 700px) 100vw, 700px\" \/>      <\/picture>             <div class=\"grid-icon__text\">         Assist\u00e8ncia personalitzada      <\/div>     <\/div>         <div class=\"grid-icon\">             <picture class=\"grid-icon__thumbnail\">         <img loading=\"lazy\" decoding=\"async\" width=\"700\" height=\"700\" src=\"https:\/\/www.ginefiv.com\/wp-content\/uploads\/2023\/10\/ovulo.png\" class=\"attachment-large size-large\" alt=\"\" srcset=\"https:\/\/www.ginefiv.com\/wp-content\/uploads\/2023\/10\/ovulo.png 700w, https:\/\/www.ginefiv.com\/wp-content\/uploads\/2023\/10\/ovulo-300x300.png 300w, https:\/\/www.ginefiv.com\/wp-content\/uploads\/2023\/10\/ovulo-150x150.png 150w, https:\/\/www.ginefiv.com\/wp-content\/uploads\/2023\/10\/ovulo-420x420.png 420w\" sizes=\"auto, (max-width: 700px) 100vw, 700px\" \/>      <\/picture>             <div class=\"grid-icon__text\">         A l&#8217;avantguarda tecnol\u00f2gica      <\/div>     <\/div>         <div class=\"grid-icon\">             <picture class=\"grid-icon__thumbnail\">         <img loading=\"lazy\" decoding=\"async\" width=\"700\" height=\"700\" src=\"https:\/\/www.ginefiv.com\/wp-content\/uploads\/2023\/10\/medalla.png\" class=\"attachment-large size-large\" alt=\"\" srcset=\"https:\/\/www.ginefiv.com\/wp-content\/uploads\/2023\/10\/medalla.png 700w, https:\/\/www.ginefiv.com\/wp-content\/uploads\/2023\/10\/medalla-300x300.png 300w, https:\/\/www.ginefiv.com\/wp-content\/uploads\/2023\/10\/medalla-150x150.png 150w, https:\/\/www.ginefiv.com\/wp-content\/uploads\/2023\/10\/medalla-420x420.png 420w\" sizes=\"auto, (max-width: 700px) 100vw, 700px\" \/>      <\/picture>             <div class=\"grid-icon__text\">         Taxa d&#8217;\u00e8xit elevada      <\/div>     <\/div>         <div class=\"grid-icon\">             <picture class=\"grid-icon__thumbnail\">         <img loading=\"lazy\" decoding=\"async\" width=\"700\" height=\"700\" src=\"https:\/\/www.ginefiv.com\/wp-content\/uploads\/2023\/10\/mano-ok.png\" class=\"attachment-large size-large\" alt=\"\" srcset=\"https:\/\/www.ginefiv.com\/wp-content\/uploads\/2023\/10\/mano-ok.png 700w, https:\/\/www.ginefiv.com\/wp-content\/uploads\/2023\/10\/mano-ok-300x300.png 300w, https:\/\/www.ginefiv.com\/wp-content\/uploads\/2023\/10\/mano-ok-150x150.png 150w, https:\/\/www.ginefiv.com\/wp-content\/uploads\/2023\/10\/mano-ok-420x420.png 420w\" sizes=\"auto, (max-width: 700px) 100vw, 700px\" \/>      <\/picture>             <div class=\"grid-icon__text\">         Tarifes econ\u00f2miques      <\/div>     <\/div>     <\/section><\/div> <\/div>   <section id=\"que-debes-saber\" class=\"image-text-block custom-block-spacing align-left\" data-magic=\"float-zigzag\">   <div class=\"container\">           <div class=\"row\">         <div class=\"title-col col-12 col-md-6\"><h3 class=\"title-display\">Qu\u00e8 cal que s\u00e0pigues sobre la donaci\u00f3 d\u2019embrions?<\/h3> <\/div>       <\/div>         <div class=\"row\">       <div class=\"img-col col-12 col-md-6\">                   <picture class=\"image-text-block__img-wrapper image-wrapper zigzag-element\">                         <img data-src=\"https:\/\/www.ginefiv.com\/wp-content\/uploads\/2023\/10\/GINEFIV-23-540x380.webp\" alt=\"\">           <\/picture>               <\/div>       <div class=\"text-col col-12 col-md-6\">         <div class=\"image-text-block__text-wrapper text-heading-block zigzag-element\">           <div class=\"image-text-block__text-wrapper__content\">             <div class=\"text-block-wrapper\">                                           <ul> <li><strong>La donaci\u00f3 d\u2019embrions \u00e9s absolutament legal a Espanya<\/strong>\u00a0independentment de la nacionalitat o proced\u00e8ncia de la pacient.<\/li> <li><strong>La donaci\u00f3 d\u2019embrions \u00e9s totalment an\u00f2nima.<\/strong>. Ginefiv no podr\u00e0 revelar la identitat de la parella donant a la parella receptora ni viceversa.<\/li> <li>Abans de transferir qualsevol embri\u00f3 procedent de donaci\u00f3, el\u00a0<strong>nostre equip comprova els antecedents m\u00e8dics<\/strong>\u00a0\u00a0dels seus progenitors. Els criteris que els progenitors han de complir s\u00f3n els mateixos que en els casos de donacions d\u2019o\u00f2cits o de semen (edat, proves complement\u00e0ries, etc).<\/li> <li>En la donaci\u00f3 d\u2019embrions busquem en tot moment que entre els pacients i la parella donant\u00a0<strong>existeixi la millor afinitat fenot\u00edpica possible.<\/strong><\/li> <\/ul>             <\/div>                       <\/div>         <\/div>       <\/div>     <\/div>   <\/div>  <\/section>   <section  class=\"banner-testimonies-block-container\">     <div class=\"banner-testimonies-bg\" style=\"background-image:url(https:\/\/www.ginefiv.com\/wp-content\/themes\/wac-theme\/assets\/images\/bg-testimonial-logo.svg)\"><\/div>     <div class=\"banner-testimonies-block\">         <div class=\"banner-testimonies-block__content\">             <!--h3 class=\"testimonies-block__title heading-md\"-->                 Somnis complerts            <!--\/h3-->             <div class=\"testimonies-block__cards-container\" data-slider=\"testimony\">                                     <div class=\"testimony\">                         <img decoding=\"async\" class=\"testimony__decorator\" src=\"https:\/\/www.ginefiv.com\/wp-content\/themes\/wac-theme\/assets\/images\/icons\/testimony_decorator.png\" alt=\"Testimony decorator\">                         <div class=\"testimony__text\">                              <p>Fuimos a Ginefiv porque a varias amigas les hab\u00eda funcionado y ya eran mam\u00e1s. El pron\u00f3stico no era muy favorable, ya que yo ten\u00eda baja reserva ov\u00e1rica, pero el doctor nos dijo que los \u00f3vulos que tuviera pod\u00edan ser de buena calidad.<\/p> <p>Me hicieron la primera inseminaci\u00f3n que vivimos con mucha emoci\u00f3n sabiendo que pr\u00e1cticamente era imposible que funcionara a la primera, pero en la betaespera yo ya sospechaba que estaba embarazada. Y nos dieron la ansiada noticia: \u00a1est\u00e1bamos embarazadas! Y s\u00ed, a la primera, hab\u00eda funcionado.<\/p> <p>Nueve meses despu\u00e9s naci\u00f3 nuestra peque\u00f1a Olivia, de la que no podemos estar m\u00e1s enamoradas.<\/p>                         <\/div>                         <p class=\"testimony__author\">                             Mar\u00eda y Rodrigo                        <\/p>                     <\/div>                                     <div class=\"testimony\">                         <img decoding=\"async\" class=\"testimony__decorator\" src=\"https:\/\/www.ginefiv.com\/wp-content\/themes\/wac-theme\/assets\/images\/icons\/testimony_decorator.png\" alt=\"Testimony decorator\">                         <div class=\"testimony__text\">                             <p><span><\/span>Llegamos a Ginefiv por recomendaci\u00f3n de unos amigos y desde la primera visita ni nos planteamos buscar otras cl\u00ednicas.<\/p> <p>Ven\u00edamos de m\u00e1s de 7 a\u00f1os de tratamientos fallidos en la Seguridad Social.<br \/>En Ginefiv me qued\u00e9 embaraza en la segunda transferencia.<\/p> <p>Solo tenemos buenas palabras para Ginefiv y su forma de cuidarnos. Encontramos la mejor cl\u00ednica y a la mejor doctora del mundo.&nbsp;<\/p>                         <\/div>                         <p class=\"testimony__author\">                             Roberto y Aurora                        <\/p>                     <\/div>                                     <div class=\"testimony\">                         <img decoding=\"async\" class=\"testimony__decorator\" src=\"https:\/\/www.ginefiv.com\/wp-content\/themes\/wac-theme\/assets\/images\/icons\/testimony_decorator.png\" alt=\"Testimony decorator\">                         <div class=\"testimony__text\">                             <p><span><\/span>Hicimos en Ginefiv un tratamiento de ovodonaci\u00f3n y dos tratamientos de adopci\u00f3n de embriones. Las doctoras siempre nos dec\u00edan que lo conseguir\u00edamos. Est\u00e1bamos en plena pandemia y nos cuidaron much\u00edsimo hasta que \u00a1por fin nos quedamos embarazados! Tenemos un precioso ni\u00f1o y estamos muy agradecidos por todo a Ginefiv porque nunca se rindieron con nosotros. M\u00e9dicos, enfermeras, atenci\u00f3n al paciente\u2026 siempre que llamaba con dudas estaban ah\u00ed.<\/p> <p>Es un camino duro pero tenemos muy buenos recuerdos. Muchas gracias.<\/p>                         <\/div>                         <p class=\"testimony__author\">                             Mayte y Enrique                        <\/p>                     <\/div>                                     <div class=\"testimony\">                         <img decoding=\"async\" class=\"testimony__decorator\" src=\"https:\/\/www.ginefiv.com\/wp-content\/themes\/wac-theme\/assets\/images\/icons\/testimony_decorator.png\" alt=\"Testimony decorator\">                         <div class=\"testimony__text\">                             <p>Agotada de otra cl\u00ednica llegu\u00e9 a ellos y menudo cambio para bien. Pasaban los meses sin conseguir quedarme embarazada y las pruebas indicaban que no exist\u00edan impedimentos para ello. <\/p> <p>Despu\u00e9s de un tiempo lo hemos logrado. Y todo a pesar del momento vivido de incertidumbre por la salud, pero pensando en mi peque se me cambia el \u00e1nimo. <\/p> <p>Agradecerles a todos el trabajo.<\/p>                         <\/div>                         <p class=\"testimony__author\">                             Carla Ruiz                        <\/p>                     <\/div>                                     <div class=\"testimony\">                         <img decoding=\"async\" class=\"testimony__decorator\" src=\"https:\/\/www.ginefiv.com\/wp-content\/themes\/wac-theme\/assets\/images\/icons\/testimony_decorator.png\" alt=\"Testimony decorator\">                         <div class=\"testimony__text\">                             <p>Nos aconsejaron una FIV con microinyecci\u00f3n en la que obtuvimos buenos embriones.<br \/>Me transfirieron tres de esos \u201cpeque\u00f1os\u201d y me qued\u00e9 embarazada de Cristina.<br \/>Todo fue tan bien y tan f\u00e1cil que a los 15 meses decidimos buscar un hermanito. No pudo ser a la primera pero al tercer intento con embriones descongelados dio fruto y vino nuestra segunda hija, Carolina. Imposible ser m\u00e1s felices.<\/p>                         <\/div>                         <p class=\"testimony__author\">                             Pilu                        <\/p>                     <\/div>                                     <div class=\"testimony\">                         <img decoding=\"async\" class=\"testimony__decorator\" src=\"https:\/\/www.ginefiv.com\/wp-content\/themes\/wac-theme\/assets\/images\/icons\/testimony_decorator.png\" alt=\"Testimony decorator\">                         <div class=\"testimony__text\">                             <p>Los mejores profesionales, la mejor atenci\u00f3n. Dimos con Ginefiv por una pareja conocida cuando est\u00e1bamos en plena pandemia. Aunque ten\u00edamos muchas dudas, afortunadamente no desistimos y ahora estamos esperando a nuestra hija.<\/p> <p>\u00a1Vaya aventura con pandemia y todo! Gracias a todo el equipo de atenci\u00f3n al paciente, a las psic\u00f3logas, al equipo m\u00e9dico, recepci\u00f3n\u2026 a todos.<\/p>                         <\/div>                         <p class=\"testimony__author\">                             Sandra Trigo                        <\/p>                     <\/div>                                     <div class=\"testimony\">                         <img decoding=\"async\" class=\"testimony__decorator\" src=\"https:\/\/www.ginefiv.com\/wp-content\/themes\/wac-theme\/assets\/images\/icons\/testimony_decorator.png\" alt=\"Testimony decorator\">                         <div class=\"testimony__text\">                             <p>Cl\u00ednica muy profesional, personal atento y resolutivo durante todo el tratamiento. Asistencia personalizada en franc\u00e9s (correo, tel\u00e9fono o in situ) para franc\u00f3fonos. Para elegir sin dudarlo para un tratamiento de reproducci\u00f3n asistida en el extranjero.<\/p>                         <\/div>                         <p class=\"testimony__author\">                             Caroline Mercier                        <\/p>                     <\/div>                             <\/div>         <\/div>     <\/div> <\/section>  <section id=\"ventajas\" class=\"image-text-block custom-block-spacing align-left\" data-magic=\"float-zigzag\">   <div class=\"container\">         <div class=\"row\">       <div class=\"img-col col-12 col-md-6\">                   <picture class=\"image-text-block__img-wrapper image-wrapper zigzag-element\">                         <img data-src=\"https:\/\/www.ginefiv.com\/wp-content\/uploads\/2023\/10\/seguridad.webp\" alt=\"\">           <\/picture>               <\/div>       <div class=\"text-col col-12 col-md-6\">         <div class=\"image-text-block__text-wrapper text-heading-block zigzag-element\">           <div class=\"image-text-block__text-wrapper__content\">             <div class=\"text-block-wrapper\">                             <h3 class=\"title-display\">Quins avantatges t\u00e9 aquesta t\u00e8cnica?<\/h3>               <p>El principal avantatge d\u2019aquesta t\u00e8cnica \u00e9s el cost. Recorda que les parelles donants no reben cap compensaci\u00f3 per la seva donaci\u00f3.<\/p> <p>D\u2019altra banda, aquests embrions procedeixen de parelles que, en la majoria dels casos, han aconseguit una gestaci\u00f3 amb embrions procedents del mateix tractament. La <strong><a href=\"https:\/\/www.ginefiv.com\/ca\/taxes-exit\/\">taxa d\u2019\u00e8xit<\/a><\/strong> \u00e9s aproximadament d\u2019un 40% per transfer\u00e8ncia.<\/p> <p>A m\u00e9s, optar per la transfer\u00e8ncia d\u2019embrions donats evita haver de passar per les m\u00e9s inc\u00f2modes de la <strong><a href=\"https:\/\/www.ginefiv.com\/ca\/reproduccio-assistida\/fecundacio-in-vitro\/\">fecundaci\u00f3 in vitro<\/a><\/strong> (la estimulaci\u00f3n ov\u00e1rica y la punci\u00f3n folicular).<\/p>             <\/div>                       <\/div>         <\/div>       <\/div>     <\/div>   <\/div>  <\/section>  <section id=\"fases\" class=\"text-block background-light\">   <div class=\"container\">     <div class=\"row\">       <div class=\"col-12\">         <div class=\"text-block__text-wrapper text-heading-block alignment-left\" data-magic=\"appear-in\">                     <h3 class=\"title-display\">Fases del tratamiento de recepci\u00f3n de embriones<\/h3>                   <\/div>       <\/div>     <\/div>   <\/div>  <\/section>  <div class=\"wp-bootstrap-blocks-container container mb-2\"> \t <div class=\"wp-bootstrap-blocks-container container mb-2 mt-3\"> \t <div class=\"wp-bootstrap-blocks-row row\"> \t  <div class=\"col-12 col-md-4\"> \t\t\t  <figure class=\"wp-block-image size-full is-resized\"><img loading=\"lazy\" decoding=\"async\" width=\"250\" height=\"218\" src=\"https:\/\/www.ginefiv.com\/wp-content\/uploads\/2023\/10\/est-ovar-e1589901699449.webp\" alt=\"\" class=\"wp-image-3846\" style=\"width:313px;height:auto\"\/><\/figure>  \t<\/div>    <div class=\"col-12 col-md-8\"> \t\t\t <section  class=\"text-block background-light\">   <div class=\"container\">     <div class=\"row\">       <div class=\"col-12\">         <div class=\"text-block__text-wrapper text-heading-block alignment-left\" data-magic=\"appear-in\">                       <h6 class=\"text-heading-block__tag title-tag size-xxl\">Fase-1<\/h6>                     <h3 class=\"title-display\">Preparaci\u00f3n endometrial<\/h3> <p>S\u2019administra medicaci\u00f3 hormonal per afavorir l\u2019engrossiment de l\u2019endometri en qu\u00e8 s\u2019implantar\u00e0 l\u2019embri\u00f3. A Ginefiv tenim obert els 365 dies de l\u2019any per adaptar-nos sempre al teu cicle, i no al rev\u00e9s.<\/p>                   <\/div>       <\/div>     <\/div>   <\/div>  <\/section> \t<\/div>  <\/div>  <\/div>  <\/div>   <div class=\"wp-bootstrap-blocks-container container mb-2\"> \t <div class=\"wp-bootstrap-blocks-container container mb-2 mt-3\"> \t <div class=\"wp-bootstrap-blocks-row row\"> \t  <div class=\"col-12 col-md-8\"> \t\t\t <section  class=\"text-block background-light\">   <div class=\"container\">     <div class=\"row\">       <div class=\"col-12\">         <div class=\"text-block__text-wrapper text-heading-block alignment-left\" data-magic=\"appear-in\">                       <h6 class=\"text-heading-block__tag title-tag size-xxl\">Fase-2<\/h6>                     <h3 class=\"title-display\">Transferencia embrionaria<\/h3> <p>Quan l\u2019endometri est\u00e0 preparat, es procedeix a realitzar la transfer\u00e8ncia embrion\u00e0ria, que consisteix a dipositar els embrions en l\u2019 \u00fater de la mare receptora mitjan\u00e7ant un cat\u00e8ter. \u00c9s un procediment senzill, indolor i de curta durada.<\/p>                   <\/div>       <\/div>     <\/div>   <\/div>  <\/section> \t<\/div>    <div class=\"col-12 col-md-4\"> \t\t\t  <figure class=\"wp-block-image size-full\"><img loading=\"lazy\" decoding=\"async\" width=\"250\" height=\"250\" src=\"https:\/\/www.ginefiv.com\/wp-content\/uploads\/2023\/10\/trasferenciaembrionaria.webp\" alt=\"\" class=\"wp-image-3852\" srcset=\"https:\/\/www.ginefiv.com\/wp-content\/uploads\/2023\/10\/trasferenciaembrionaria.webp 250w, https:\/\/www.ginefiv.com\/wp-content\/uploads\/2023\/10\/trasferenciaembrionaria-150x150.webp 150w\" sizes=\"auto, (max-width: 250px) 100vw, 250px\" \/><\/figure>  \t<\/div>  <\/div>  <\/div>  <\/div>   <section id=\"lista-espera\" class=\"text-block background-light custom-block-spacing\">   <div class=\"container\">     <div class=\"row\">       <div class=\"col-12\">         <div class=\"text-block__text-wrapper text-heading-block alignment-left\" data-magic=\"appear-in\">                     <h3 class=\"title-display\">Hi ha llista d\u2019espera per poder rebre embrions donats?<\/h3> <p>Malgrat que Ginefiv \u00e9s un dels centres espanyols que m\u00e9s tractaments de reproducci\u00f3 assistida realitza, cosa que li permet disposar d\u2019un banc d\u2019embrions donats relativament ampli, la disponibilitat d\u2019embrions pot estar subjecta a una llista d\u2019espera. En tot cas, estar\u00e0s informada dels avan\u00e7os en tot moment.<\/p> <p>Determinats factors fenot\u00edpics, no habituals en la poblaci\u00f3 espanyola, com ara les races negra o asi\u00e0tica, poden incrementar aquest temps d\u2019espera.<\/p>                   <\/div>       <\/div>     <\/div>   <\/div>  <\/section>   <div class=\"wp-block-columns is-layout-flex wp-container-core-columns-is-layout-28f84493 wp-block-columns-is-layout-flex\"> <div class=\"wp-block-column wp-column-is-centred is-layout-flow wp-block-column-is-layout-flow\" style=\"flex-basis:610px\"> <h2 class=\"wp-block-heading has-text-align-center\">Demana cita o consulta amb un especialista<\/h2>    <p class=\"has-text-align-center\">Tens l&#8217;opci\u00f3 de fer la teva primera consulta in situ a la cl\u00ednica o per videoconfer\u00e8ncia. Tria l&#8217;opci\u00f3 m\u00e9s adequada per a tu.<\/p>    <div class=\"wp-block-buttons is-content-justification-center is-layout-flex wp-container-core-buttons-is-layout-a89b3969 wp-block-buttons-is-layout-flex\"> <div class=\"wp-block-button\"><a class=\"wp-block-button__link has-orange-background-color has-background wp-element-button\" href=\"https:\/\/www.ginefiv.com\/ca\/contacte\/\" style=\"border-radius:5px\">Contacta&#8217;ns<\/a><\/div> <\/div> <\/div> <\/div>    <section> \t<div class=\"cta-block-container\"> \t\t<div class=\"cta-block-container__title\"> \t\t\t<p><h2>\u00bfTens dubtes?<\/h2> <\/p> \t\t<\/div> \t\t<div class=\"cta-block-container__separator d-none d-md-flex\"> \t\t\t<picture> \t\t\t\t<img decoding=\"async\" class=\"separator__img\" src=\"https:\/\/www.ginefiv.com\/wp-content\/themes\/wac-theme\/assets\/images\/icons\/cta-separator.webp\" alt=\"\"> \t\t\t<\/picture> \t\t<\/div> \t\t<div class=\"cta-block-container__icons-row\"> \t\t\t\t\t\t\t<div class=\"actions\"> \t\t\t\t\t<picture class=\"action__thumbnail\"> \t\t\t\t\t\t<img decoding=\"async\" class=\"action__img\" src=\"https:\/\/www.ginefiv.com\/wp-content\/themes\/wac-theme\/assets\/images\/icons\/cta-phone.webp\" alt=\"\"> \t\t\t\t\t<\/picture> \t\t\t\t\t<div class=\"action__text\"> \t\t\t\t\t\t\t\t\t\t\t\t\t<a class=\"action__text\" href=\"tel:900 908 988\" target=\"_blank\"> \t\t\t\t\t\t\t\t<p> \t\t\t\t\t\t\t\t\tTruca\u2019ns de franc <br><strong>900 908 988<\/strong>\t\t\t\t\t\t\t\t<\/p> \t\t\t\t\t\t\t<\/a> \t\t\t\t\t\t\t\t\t\t\t<\/div> \t\t\t\t<\/div> \t\t\t\t\t\t\t<div class=\"actions\"> \t\t\t\t\t<picture class=\"action__thumbnail\"> \t\t\t\t\t\t<img decoding=\"async\" class=\"action__img\" src=\"https:\/\/www.ginefiv.com\/wp-content\/themes\/wac-theme\/assets\/images\/icons\/cta-clinics.webp\" alt=\"\"> \t\t\t\t\t<\/picture> \t\t\t\t\t<a class=\"action__text permalink underlined\" href=\"https:\/\/www.ginefiv.com\/clinicas\/\"> \t\t\t\t\t\t<p>Visitans en les<\/p> \t\t\t\t\t\t<strong>nostres cl\u00edniques Ginefiv<\/strong> \t\t\t\t\t<\/a> \t\t\t\t<\/div> \t\t\t\t\t\t\t<div class=\"actions\"> \t\t\t\t\t<picture class=\"action__thumbnail\"> \t\t\t\t\t\t<img decoding=\"async\" class=\"action__img\" src=\"https:\/\/www.ginefiv.com\/wp-content\/themes\/wac-theme\/assets\/images\/icons\/cta-appointment.webp\" alt=\"\"> \t\t\t\t\t<\/picture> \t\t\t\t\t<a class=\"action__text permalink underlined\" href=\"https:\/\/www.ginefiv.com\/ca\/demana-cita\/\"> \t\t\t\t\t\t<p>Demana una<\/p> \t\t\t\t\t\t<strong>cita amb Ginefiv<\/strong> \t\t\t\t\t<\/a> \t\t\t\t<\/div> \t\t\t\t\t<\/div> \t<\/div> <\/section>   <div class=\"wp-block-columns is-layout-flex wp-container-core-columns-is-layout-28f84493 wp-block-columns-is-layout-flex\"> <div class=\"wp-block-column wp-column-rounded is-layout-flow wp-block-column-is-layout-flow\"> <div style=\"height:2rem\" aria-hidden=\"true\" class=\"wp-block-spacer\"><\/div>    <h3 class=\"wp-block-heading has-text-align-center\"><span style=\"text-decoration: underline;\"><a href=\"https:\/\/www.ginefiv.com\/ca\/blog\/\">Descobreix m\u00e9s al nostre bloc<\/a><\/span><\/h3> <\/div> <\/div>","protected":false},"featured_media":2841,"parent":0,"menu_order":0,"template":"","tags":[],"class_list":["post-5958","treatment","type-treatment","status-publish","has-post-thumbnail","hentry"],"acf":[],"yoast_head":"<!-- This site is optimized with the Yoast SEO plugin v27.0 - https:\/\/yoast.com\/product\/yoast-seo-wordpress\/ -->\n<title>Recepci\u00f3 d&#039;Embrions: Qu\u00e8 \u00e9s i com es realitza | Ginefiv Espa\u00f1a<\/title>\n<meta name=\"description\" content=\"Descobreix com pot ajudar la recepci\u00f3 d&#039;embrions a aconseguir formar la teua fam\u00edlia. T&#039;expliquem en qu\u00e8 consisteix i com es realitza.\" \/>\n<meta name=\"robots\" content=\"index, follow, max-snippet:-1, max-image-preview:large, max-video-preview:-1\" \/>\n<link rel=\"canonical\" href=\"https:\/\/www.ginefiv.com\/ca\/reproduccio-assistida\/recepcio-embrions\/\" \/>\n<meta property=\"og:locale\" content=\"ca_ES\" \/>\n<meta property=\"og:type\" content=\"article\" \/>\n<meta property=\"og:title\" content=\"Recepci\u00f3 d&#039;Embrions: Qu\u00e8 \u00e9s i com es realitza | Ginefiv Espa\u00f1a\" \/>\n<meta property=\"og:description\" content=\"Descobreix com pot ajudar la recepci\u00f3 d&#039;embrions a aconseguir formar la teua fam\u00edlia. T&#039;expliquem en qu\u00e8 consisteix i com es realitza.\" \/>\n<meta property=\"og:url\" content=\"https:\/\/www.ginefiv.com\/ca\/reproduccio-assistida\/recepcio-embrions\/\" \/>\n<meta property=\"og:site_name\" content=\"Ginefiv Espa\u00f1a\" \/>\n<meta property=\"article:modified_time\" content=\"2024-11-22T09:04:16+00:00\" \/>\n<meta property=\"og:image\" content=\"https:\/\/www.ginefiv.com\/wp-content\/uploads\/2023\/10\/adopcion-de-embriones-ginefiv.webp\" \/>\n\t<meta property=\"og:image:width\" content=\"1199\" \/>\n\t<meta property=\"og:image:height\" content=\"803\" \/>\n\t<meta property=\"og:image:type\" content=\"image\/webp\" \/>\n<meta name=\"twitter:card\" content=\"summary_large_image\" \/>\n<meta name=\"twitter:label1\" content=\"Temps estimat de lectura\" \/>\n\t<meta name=\"twitter:data1\" content=\"2 minuts\" \/>\n<script type=\"application\/ld+json\" class=\"yoast-schema-graph\">{\"@context\":\"https:\/\/schema.org\",\"@graph\":[{\"@type\":\"WebPage\",\"@id\":\"https:\/\/www.ginefiv.com\/ca\/reproduccio-assistida\/recepcio-embrions\/\",\"url\":\"https:\/\/www.ginefiv.com\/ca\/reproduccio-assistida\/recepcio-embrions\/\",\"name\":\"Recepci\u00f3 d'Embrions: Qu\u00e8 \u00e9s i com es realitza | Ginefiv Espa\u00f1a\",\"isPartOf\":{\"@id\":\"https:\/\/www.ginefiv.com\/ca\/#website\"},\"primaryImageOfPage\":{\"@id\":\"https:\/\/www.ginefiv.com\/ca\/reproduccio-assistida\/recepcio-embrions\/#primaryimage\"},\"image\":{\"@id\":\"https:\/\/www.ginefiv.com\/ca\/reproduccio-assistida\/recepcio-embrions\/#primaryimage\"},\"thumbnailUrl\":\"https:\/\/www.ginefiv.com\/wp-content\/uploads\/2023\/10\/adopcion-de-embriones-ginefiv.webp\",\"datePublished\":\"2023-10-10T10:35:35+00:00\",\"dateModified\":\"2024-11-22T09:04:16+00:00\",\"description\":\"Descobreix com pot ajudar la recepci\u00f3 d'embrions a aconseguir formar la teua fam\u00edlia. T'expliquem en qu\u00e8 consisteix i com es realitza.\",\"breadcrumb\":{\"@id\":\"https:\/\/www.ginefiv.com\/ca\/reproduccio-assistida\/recepcio-embrions\/#breadcrumb\"},\"inLanguage\":\"ca\",\"potentialAction\":[{\"@type\":\"ReadAction\",\"target\":[\"https:\/\/www.ginefiv.com\/ca\/reproduccio-assistida\/recepcio-embrions\/\"]}]},{\"@type\":\"ImageObject\",\"inLanguage\":\"ca\",\"@id\":\"https:\/\/www.ginefiv.com\/ca\/reproduccio-assistida\/recepcio-embrions\/#primaryimage\",\"url\":\"https:\/\/www.ginefiv.com\/wp-content\/uploads\/2023\/10\/adopcion-de-embriones-ginefiv.webp\",\"contentUrl\":\"https:\/\/www.ginefiv.com\/wp-content\/uploads\/2023\/10\/adopcion-de-embriones-ginefiv.webp\",\"width\":1199,\"height\":803},{\"@type\":\"BreadcrumbList\",\"@id\":\"https:\/\/www.ginefiv.com\/ca\/reproduccio-assistida\/recepcio-embrions\/#breadcrumb\",\"itemListElement\":[{\"@type\":\"ListItem\",\"position\":1,\"name\":\"Home\",\"item\":\"https:\/\/www.ginefiv.com\/ca\/\"},{\"@type\":\"ListItem\",\"position\":2,\"name\":\"Recepci\u00f3 de embrions\"}]},{\"@type\":\"WebSite\",\"@id\":\"https:\/\/www.ginefiv.com\/ca\/#website\",\"url\":\"https:\/\/www.ginefiv.com\/ca\/\",\"name\":\"Ginefiv Espa\u00f1a\",\"description\":\"Ginefiv, tu cl\u00ednica de reproducci\u00f3n asistida. 35 a\u00f1os de experiencia en inseminaci\u00f3n artificial y fecundaci\u00f3n in vitro\",\"publisher\":{\"@id\":\"https:\/\/www.ginefiv.com\/ca\/#organization\"},\"potentialAction\":[{\"@type\":\"SearchAction\",\"target\":{\"@type\":\"EntryPoint\",\"urlTemplate\":\"https:\/\/www.ginefiv.com\/ca\/?s={search_term_string}\"},\"query-input\":{\"@type\":\"PropertyValueSpecification\",\"valueRequired\":true,\"valueName\":\"search_term_string\"}}],\"inLanguage\":\"ca\"},{\"@type\":\"Organization\",\"@id\":\"https:\/\/www.ginefiv.com\/ca\/#organization\",\"name\":\"Ginefiv\",\"url\":\"https:\/\/www.ginefiv.com\/ca\/\",\"logo\":{\"@type\":\"ImageObject\",\"inLanguage\":\"ca\",\"@id\":\"https:\/\/www.ginefiv.com\/ca\/#\/schema\/logo\/image\/\",\"url\":\"https:\/\/www.ginefiv.com\/wp-content\/uploads\/2023\/12\/descarga.png\",\"contentUrl\":\"https:\/\/www.ginefiv.com\/wp-content\/uploads\/2023\/12\/descarga.png\",\"width\":437,\"height\":115,\"caption\":\"Ginefiv\"},\"image\":{\"@id\":\"https:\/\/www.ginefiv.com\/ca\/#\/schema\/logo\/image\/\"}}]}<\/script>\n<!-- \/ Yoast SEO plugin. -->","yoast_head_json":{"title":"Recepci\u00f3 d'Embrions: Qu\u00e8 \u00e9s i com es realitza | Ginefiv Espa\u00f1a","description":"Descobreix com pot ajudar la recepci\u00f3 d'embrions a aconseguir formar la teua fam\u00edlia. T'expliquem en qu\u00e8 consisteix i com es realitza.","robots":{"index":"index","follow":"follow","max-snippet":"max-snippet:-1","max-image-preview":"max-image-preview:large","max-video-preview":"max-video-preview:-1"},"canonical":"https:\/\/www.ginefiv.com\/ca\/reproduccio-assistida\/recepcio-embrions\/","og_locale":"ca_ES","og_type":"article","og_title":"Recepci\u00f3 d'Embrions: Qu\u00e8 \u00e9s i com es realitza | Ginefiv Espa\u00f1a","og_description":"Descobreix com pot ajudar la recepci\u00f3 d'embrions a aconseguir formar la teua fam\u00edlia. T'expliquem en qu\u00e8 consisteix i com es realitza.","og_url":"https:\/\/www.ginefiv.com\/ca\/reproduccio-assistida\/recepcio-embrions\/","og_site_name":"Ginefiv Espa\u00f1a","article_modified_time":"2024-11-22T09:04:16+00:00","og_image":[{"width":1199,"height":803,"url":"https:\/\/www.ginefiv.com\/wp-content\/uploads\/2023\/10\/adopcion-de-embriones-ginefiv.webp","type":"image\/webp"}],"twitter_card":"summary_large_image","twitter_misc":{"Temps estimat de lectura":"2 minuts"},"schema":{"@context":"https:\/\/schema.org","@graph":[{"@type":"WebPage","@id":"https:\/\/www.ginefiv.com\/ca\/reproduccio-assistida\/recepcio-embrions\/","url":"https:\/\/www.ginefiv.com\/ca\/reproduccio-assistida\/recepcio-embrions\/","name":"Recepci\u00f3 d'Embrions: Qu\u00e8 \u00e9s i com es realitza | Ginefiv Espa\u00f1a","isPartOf":{"@id":"https:\/\/www.ginefiv.com\/ca\/#website"},"primaryImageOfPage":{"@id":"https:\/\/www.ginefiv.com\/ca\/reproduccio-assistida\/recepcio-embrions\/#primaryimage"},"image":{"@id":"https:\/\/www.ginefiv.com\/ca\/reproduccio-assistida\/recepcio-embrions\/#primaryimage"},"thumbnailUrl":"https:\/\/www.ginefiv.com\/wp-content\/uploads\/2023\/10\/adopcion-de-embriones-ginefiv.webp","datePublished":"2023-10-10T10:35:35+00:00","dateModified":"2024-11-22T09:04:16+00:00","description":"Descobreix com pot ajudar la recepci\u00f3 d'embrions a aconseguir formar la teua fam\u00edlia. T'expliquem en qu\u00e8 consisteix i com es realitza.","breadcrumb":{"@id":"https:\/\/www.ginefiv.com\/ca\/reproduccio-assistida\/recepcio-embrions\/#breadcrumb"},"inLanguage":"ca","potentialAction":[{"@type":"ReadAction","target":["https:\/\/www.ginefiv.com\/ca\/reproduccio-assistida\/recepcio-embrions\/"]}]},{"@type":"ImageObject","inLanguage":"ca","@id":"https:\/\/www.ginefiv.com\/ca\/reproduccio-assistida\/recepcio-embrions\/#primaryimage","url":"https:\/\/www.ginefiv.com\/wp-content\/uploads\/2023\/10\/adopcion-de-embriones-ginefiv.webp","contentUrl":"https:\/\/www.ginefiv.com\/wp-content\/uploads\/2023\/10\/adopcion-de-embriones-ginefiv.webp","width":1199,"height":803},{"@type":"BreadcrumbList","@id":"https:\/\/www.ginefiv.com\/ca\/reproduccio-assistida\/recepcio-embrions\/#breadcrumb","itemListElement":[{"@type":"ListItem","position":1,"name":"Home","item":"https:\/\/www.ginefiv.com\/ca\/"},{"@type":"ListItem","position":2,"name":"Recepci\u00f3 de embrions"}]},{"@type":"WebSite","@id":"https:\/\/www.ginefiv.com\/ca\/#website","url":"https:\/\/www.ginefiv.com\/ca\/","name":"Ginefiv Espa\u00f1a","description":"Ginefiv, tu cl\u00ednica de reproducci\u00f3n asistida. 35 a\u00f1os de experiencia en inseminaci\u00f3n artificial y fecundaci\u00f3n in vitro","publisher":{"@id":"https:\/\/www.ginefiv.com\/ca\/#organization"},"potentialAction":[{"@type":"SearchAction","target":{"@type":"EntryPoint","urlTemplate":"https:\/\/www.ginefiv.com\/ca\/?s={search_term_string}"},"query-input":{"@type":"PropertyValueSpecification","valueRequired":true,"valueName":"search_term_string"}}],"inLanguage":"ca"},{"@type":"Organization","@id":"https:\/\/www.ginefiv.com\/ca\/#organization","name":"Ginefiv","url":"https:\/\/www.ginefiv.com\/ca\/","logo":{"@type":"ImageObject","inLanguage":"ca","@id":"https:\/\/www.ginefiv.com\/ca\/#\/schema\/logo\/image\/","url":"https:\/\/www.ginefiv.com\/wp-content\/uploads\/2023\/12\/descarga.png","contentUrl":"https:\/\/www.ginefiv.com\/wp-content\/uploads\/2023\/12\/descarga.png","width":437,"height":115,"caption":"Ginefiv"},"image":{"@id":"https:\/\/www.ginefiv.com\/ca\/#\/schema\/logo\/image\/"}}]}},"_links":{"self":[{"href":"https:\/\/www.ginefiv.com\/ca\/wp-json\/wp\/v2\/treatment\/5958","targetHints":{"allow":["GET"]}}],"collection":[{"href":"https:\/\/www.ginefiv.com\/ca\/wp-json\/wp\/v2\/treatment"}],"about":[{"href":"https:\/\/www.ginefiv.com\/ca\/wp-json\/wp\/v2\/types\/treatment"}],"version-history":[{"count":0,"href":"https:\/\/www.ginefiv.com\/ca\/wp-json\/wp\/v2\/treatment\/5958\/revisions"}],"wp:featuredmedia":[{"embeddable":true,"href":"https:\/\/www.ginefiv.com\/ca\/wp-json\/wp\/v2\/media\/2841"}],"wp:attachment":[{"href":"https:\/\/www.ginefiv.com\/ca\/wp-json\/wp\/v2\/media?parent=5958"}],"wp:term":[{"taxonomy":"post_tag","embeddable":true,"href":"https:\/\/www.ginefiv.com\/ca\/wp-json\/wp\/v2\/tags?post=5958"}],"curies":[{"name":"wp","href":"https:\/\/api.w.org\/{rel}","templated":true}]}}