











{"id":6246,"date":"2023-10-19T08:04:31","date_gmt":"2023-10-19T08:04:31","guid":{"rendered":"https:\/\/www.ginefiv.com\/proteccion-datos\/"},"modified":"2024-02-12T06:51:14","modified_gmt":"2024-02-12T06:51:14","slug":"protection-des-donnees","status":"publish","type":"page","link":"https:\/\/www.ginefiv.com\/fr\/protection-des-donnees\/","title":{"rendered":"Protection des donn\u00e9es au sein de Ginefiv"},"content":{"rendered":"<section class=\"page-cover has-thumbnail dark-theme\">   <div class=\"page-cover__container container\">     <div class=\"row\">       <div class=\"col-12 col-lg-8\">         <div class=\"page-cover__heading\">           <div class=\"page-cover__heading-wrapper\">                           <div class=\"page-cover__heading-title heading-title title-display hero-title\">               <h1 class=\"title-display\">Protection des donn\u00e9es au sein de Ginefiv<\/h1>             <\/div>                            <div class=\"page-cover__heading-content text-lg\">                 <p>Notre politique de confidentialit\u00e9 est r\u00e9gie selon les dispositions du RGDP 2016\/679 du 27 avril 2016 sur la protection des donn\u00e9es \u00e0 caract\u00e8re personnel. \u00c0 cet \u00e9gard, nous souhaitons vous informer du traitement des donn\u00e9es \u00e0 caract\u00e8re personnel que vous nous fournissez.<\/p>               <\/div>                                    <\/div>         <\/div>       <\/div>     <\/div>   <\/div>         <div class=\"parallax-trigger fullsize page-cover-thumbnail\" data-magic=\"parallax\">       <picture class=\"page-cover__picture parallax-trigger__item\" data-item=\"parallax-item\">         <img decoding=\"async\" src=\"https:\/\/www.ginefiv.com\/wp-content\/uploads\/2023\/10\/aviso-legal.png\" alt=\"Protection des donn\u00e9es au sein de Ginefiv\">       <\/picture>     <\/div>     <\/section>   <section class=\"wp-block-breadcrumbs\">   <div class=\"content-wrapper\">     <ul>                   <li>               <a href=\"https:\/\/www.ginefiv.com\/fr\/\" title=\"Ginefiv Espa\u00f1a\">                 Ginefiv              <\/a>             <\/li>                         <li>               <span class=\"current\" title=\"Protection des donn\u00e9es au sein de Ginefiv\">                 Protection des donn\u00e9es au sein de Ginefiv              <\/span>             <\/li>                 <\/ul>   <\/div> <\/section>    <div class=\"wp-block-columns is-layout-flex wp-container-core-columns-is-layout-28f84493 wp-block-columns-is-layout-flex\"> <div class=\"wp-block-column is-layout-flow wp-block-column-is-layout-flow\"> <h3 class=\"wp-block-heading title-display mt-5\">Que sont les donn\u00e9es personnelles?<\/h3>    <p>Ce sont des informations sur une personne physique identifi\u00e9e ou identifiable. C\u2019est-\u00e0-dire des informations sur des personnes. Il s\u2019agit d\u2019un droit fondamental.<\/p>    <h3 class=\"wp-block-heading title-display mt-5\">Qui est le titulaire des donn\u00e9es?<\/h3>    <p>Le titulaire des donn\u00e9es est la personne physique dont l\u2019identit\u00e9 pourra \u00eatre d\u00e9termin\u00e9e, de fa\u00e7on directe ou indirecte, notamment sur la base d\u2019un identifiant, comme par exemple le nom, un num\u00e9ro d\u2019identification tel que celui de sa pi\u00e8ce d\u2019identit\u00e9 ou celui de la s\u00e9curit\u00e9 sociale ; de donn\u00e9es de localisation telles que son adresse, son site Internet (services de g\u00e9olocalisation), son adresse \u00e9lectronique ou son profil sur un r\u00e9seau social ; d\u2019autres identifiants en ligne ou d\u2019\u00e9l\u00e9ments appartenant \u00e0 l\u2019identit\u00e9 physique, physiologique, g\u00e9n\u00e9tique, psychique, \u00e9conomique, culturelle ou sociale de la personne, comme son empreinte dentaire, des tests g\u00e9n\u00e9tiques ou physiques, etc.<\/p>    <h3 class=\"wp-block-heading title-display mt-5\">Qui sont les responsables?<\/h3>    <p>Le responsable du traitement de vos donn\u00e9es est GINEFIV S.L., qui fournit un service dans les installations de la clinique Ginefiv. Vous pouvez nous contacter au si\u00e8ge de la clinique, sis Calle Jos\u00e9 Silva 18, 28043 Madrid (Espagne). T\u00e9l. : +34 915 197 541.<\/p>    <p>De m\u00eame, vous pouvez obtenir des conseils aupr\u00e8s de notre d\u00e9l\u00e9gu\u00e9 ind\u00e9pendant \u00e0 la protection des donn\u00e9es, \u00e0 l\u2019adresse suivante : dpd@ginefiv.com.<\/p>    <p>Vous pouvez \u00e9galement pr\u00e9senter une r\u00e9clamation aupr\u00e8s de l\u2019Agence espagnole de protection des donn\u00e9es.<\/p>    <h3 class=\"wp-block-heading title-display mt-5\">Quels sont les diff\u00e9rents types de donn\u00e9es \u00e0 caract\u00e8re personnel?<\/h3>    <p><strong>Donn\u00e9es de filiation :<\/strong> pr\u00e9nom, nom, date et lieu de naissance, sexe et nationalit\u00e9 ; num\u00e9ro de pi\u00e8ce d\u2019identit\u00e9 ou du permis de s\u00e9jour, num\u00e9ro de la s\u00e9curit\u00e9 sociale ou carte vitale le cas \u00e9ch\u00e9ant ; compagnie d\u2019assurance et num\u00e9ro d\u2019assurance, le cas \u00e9ch\u00e9ant ; domicile (adresse, code postal, ville, province) ; adresse \u00e9lectronique, t\u00e9l\u00e9phone fixe et\/ou portable, etc.<\/p>    <p><strong>Autres donn\u00e9es relatives \u00e0 des caract\u00e9ristiques personnelles :<\/strong> image (photographies, imagerie diagnostique, empreinte), voix, marques physiques, caract\u00e9ristiques physiques ou anthropom\u00e9triques (taille, poids, couleur des cheveux, etc.) ; signature, empreinte, signature \u00e9lectronique.<\/p>    <p><strong>Donn\u00e9es relatives \u00e0 la situation sociale :<\/strong> \u00e9tat civil, donn\u00e9es familiales (enfants, parents, s\u0153urs ou fr\u00e8res) ; propri\u00e9t\u00e9s, possessions, passe-temps et mode de vie, affiliation \u00e0 des clubs ou associations ; licences, permis ou autorisations.<\/p>    <p><strong>Donn\u00e9es acad\u00e9miques et professionnelles :<\/strong> figurant g\u00e9n\u00e9ralement dans le curriculum vitae, comme la formation, les dipl\u00f4mes, le dossier acad\u00e9mique ou l\u2019historique de formation avant et apr\u00e8s la carri\u00e8re professionnelle, l\u2019exp\u00e9rience professionnelle, l\u2019appartenance \u00e0 des ordres ou associations professionnels.<\/p>    <p><strong>Donn\u00e9es relatives \u00e0 l\u2019emploi :<\/strong> profession, poste de travail, donn\u00e9es non \u00e9conomiques sur le bulletin de paie ou l\u2019historique du travailleur.<\/p>    <p><strong>Donn\u00e9es de nature commerciale :<\/strong> activit\u00e9s et entreprises, licences commerciales, souscriptions \u00e0 des publications ou \u00e0 des m\u00e9dias, cr\u00e9ations artistiques, litt\u00e9raires, scientifiques ou techniques.<\/p>    <p><strong>Donn\u00e9es \u00e9conomiques :<\/strong> coordonn\u00e9es bancaires (chiffres, donn\u00e9es et historique des cr\u00e9dits ou cartes de cr\u00e9dit ou d\u00e9bit) ; versements, revenus, investissements, patrimoine ; salaire et donn\u00e9es \u00e9conomiques sur le bulletin de paie, d\u00e9ductions fiscales ; hypoth\u00e8ques, pr\u00eats, cr\u00e9dits, avals bancaires ; investissements, r\u00e9gimes de retraite ; assurances, allocations, autres prestations ; transactions financi\u00e8res, compensations ou indemnit\u00e9s.<\/p>    <p><strong>Donn\u00e9es de cat\u00e9gorie sp\u00e9ciale :<\/strong> donn\u00e9es relatives \u00e0 la religion, l\u2019affiliation syndicale, le parti politique pour lequel l\u2019int\u00e9ress\u00e9 vote ou auquel il appartient, l\u2019origine raciale, la sant\u00e9 ou la vie sexuelle, les infractions p\u00e9nales ou administratives.<\/p>    <h3 class=\"wp-block-heading title-display mt-5\">Quels types de donn\u00e9es personnelles font l&rsquo;objet d&rsquo;un traitement?<\/h3>    <h4 class=\"wp-block-heading\">Donn\u00e9es relatives aux patients<\/h4>    <p><strong>Donn\u00e9es de filiation :<\/strong> pr\u00e9nom, nom, date et lieu de naissance, sexe et nationalit\u00e9 ; num\u00e9ro de pi\u00e8ce d\u2019identit\u00e9 ou du permis de s\u00e9jour, num\u00e9ro de la s\u00e9curit\u00e9 sociale ou carte vitale le cas \u00e9ch\u00e9ant ; compagnie d\u2019assurance et num\u00e9ro d\u2019assurance, le cas \u00e9ch\u00e9ant ; domicile (adresse, code postal, ville, province) ; adresse \u00e9lectronique, t\u00e9l\u00e9phone fixe et\/ou portable, etc.<\/p>    <p><strong>Autres donn\u00e9es relatives \u00e0 des caract\u00e9ristiques personnelles :<\/strong> \u00e9chantillons physiologiques (sang, tissus, fluides, etc.), \u00e9chantillons physiologiques en vue de tests g\u00e9n\u00e9tiques, embryons, image (images de vid\u00e9osurveillance, des photographies de l\u2019historique clinique, imagerie diagnostique), marques physiques, caract\u00e9ristiques physiques ou anthropom\u00e9triques (taille, poids, couleur des cheveux, etc.) ; signature, signature \u00e9lectronique, le cas \u00e9ch\u00e9ant.<\/p>    <p><strong>Donn\u00e9es relatives \u00e0 la sant\u00e9 :<\/strong> outre les \u00e9chantillons, des r\u00e9sultats de rapports, l\u2019imagerie diagnostique, des empreintes, des r\u00e9sultats de diagnostiques et de tests, des sympt\u00f4mes, la m\u00e9dication, etc.<\/p>    <h4 class=\"wp-block-heading title-display mt-3\">Donn\u00e9es relatives \u00e0 notre personnel<\/h4>    <p>Sont consid\u00e9r\u00e9es comme faisant partie du personnel les personnes engag\u00e9es dans notre entreprises et les collaborateurs professionnels ou travailleurs ind\u00e9pendants, ainsi que le personnel des fournisseurs travaillant dans nos installations.<\/p>    <p><strong>Donn\u00e9es de filiation :<\/strong> pr\u00e9nom, nom, date et lieu de naissance, sexe et nationalit\u00e9 ; num\u00e9ro de pi\u00e8ce d\u2019identit\u00e9 ou du permis de s\u00e9jour, num\u00e9ro de la s\u00e9curit\u00e9 sociale ou carte vitale le cas \u00e9ch\u00e9ant ; compagnie d\u2019assurance maladie, le cas \u00e9ch\u00e9ant, domicile (adresse, code postal, ville, province) ; adresse \u00e9lectronique, t\u00e9l\u00e9phone fixe et\/ou portable, etc.<\/p>    <p><strong>Autres donn\u00e9es relatives \u00e0 des caract\u00e9ristiques personnelles :<\/strong> image (photographies), signature et signature \u00e9lectronique, le cas \u00e9ch\u00e9ant.<\/p>    <p><strong>Donn\u00e9es relatives \u00e0 la situation sociale :<\/strong> \u00e9tat civil, donn\u00e9es familiales (enfants, parents, s\u0153urs ou fr\u00e8res) ; appartenance \u00e0 un ordre professionnel, licences, permis ou autorisations.<\/p>    <p><strong>Donn\u00e9es acad\u00e9miques et professionnelles :<\/strong> figurant g\u00e9n\u00e9ralement dans le curriculum vitae des candidats et dans le dossier personnel des employ\u00e9s et des collaborateurs externes habituels, comme la formation, les dipl\u00f4mes, le dossier acad\u00e9mique ou l\u2019historique de formation avant et apr\u00e8s la carri\u00e8re professionnelle, l\u2019exp\u00e9rience professionnelle, l\u2019appartenance \u00e0 des ordres ou associations professionnels.<\/p>    <p><strong>Donn\u00e9es relatives \u00e0 l\u2019emploi :<\/strong> profession, poste de travail, donn\u00e9es non \u00e9conomiques sur le bulletin de paie ou historique du travailleur.<\/p>    <p><strong>Donn\u00e9es de nature commerciale :<\/strong> activit\u00e9s et entreprises de collaborateurs externes, publications scientifiques ou techniques.<\/p>    <p><strong>Donn\u00e9es \u00e9conomiques :<\/strong> cordonn\u00e9es bancaires ; salaire et donn\u00e9es \u00e9conomiques sur le bulletin de paie, d\u00e9ductions fiscales ; r\u00e9gimes de retraite, le cas \u00e9ch\u00e9ant; assurances, le cas \u00e9ch\u00e9ant ; indemnit\u00e9s.<\/p>    <h4 class=\"wp-block-heading title-display mt-3\">Donn\u00e9es relatives \u00e0 d&rsquo;autres personnes associ\u00e9es<\/h4>    <p>Sont consid\u00e9r\u00e9es comme \u00ab autres personnes associ\u00e9es \u00bb les clients et fournisseurs et, en g\u00e9n\u00e9ral, les personnes appartenant \u00e0 des organisations avec lesquelles nous sommes en contact.<\/p>    <p><strong>Donn\u00e9es de filiation :<\/strong> pr\u00e9nom, nom ; num\u00e9ro de la pi\u00e8ce d\u2019identit\u00e9 ou du permis de s\u00e9jour, le cas \u00e9ch\u00e9ant ; adresse \u00e9lectronique, t\u00e9l\u00e9phone fixe et\/ou portable.<\/p>    <p><strong>Autres donn\u00e9es relatives \u00e0 des caract\u00e9ristiques personnelles :<\/strong> photos prises lors de visites, images de vid\u00e9osurveillance, activit\u00e9s commerciales conjointes ou photos dans des brochures commerciales ; signature ou signature \u00e9lectronique, le cas \u00e9ch\u00e9ant.<\/p>    <p><strong>Donn\u00e9es acad\u00e9miques et professionnelles :<\/strong> figurant g\u00e9n\u00e9ralement dans le curriculum vitae, comme la formation, les dipl\u00f4mes, l\u2019historique de formation avant et apr\u00e8s la carri\u00e8re professionnelle, l\u2019exp\u00e9rience professionnelle, l\u2019appartenance \u00e0 des ordres ou associations professionnels.<\/p>    <p><strong>Donn\u00e9es relatives \u00e0 l\u2019emploi :<\/strong> profession, poste de travail.<\/p>    <p><strong>Donn\u00e9es de nature commerciale :<\/strong> publications scientifiques ou techniques, le cas \u00e9ch\u00e9ant.<\/p>    <p><strong>Donn\u00e9es \u00e9conomiques :<\/strong> poste de travail, direction de l\u2019entreprise et autres donn\u00e9es n\u00e9cessaires pour la relation.<\/p>    <h3 class=\"wp-block-heading title-display mt-5\">O\u00f9 vos donn\u00e9es sont-elles enregistr\u00e9es?<\/h3>    <p>Les donn\u00e9es \u00e0 caract\u00e8re personnel que vous nous fournissez seront enregistr\u00e9es dans des bases de donn\u00e9es informatis\u00e9es ou dans des fichiers physiques. Elles feront l\u2019objet de mesures de s\u00e9curit\u00e9 et recueillies dans un registre d\u2019activit\u00e9s appartenant \u00e0 GINEFIV.<\/p>    <h3 class=\"wp-block-heading title-display mt-5\">En quoi consiste un registre d\u2019activit\u00e9s?<\/h3>    <p>Il s\u2019agit \u00e0 la fois d\u2019une liste et d\u2019informations synth\u00e9tis\u00e9es sur le traitement des donn\u00e9es qui sont \u00e0 la disposition de l\u2019Agence espagnole de protection des donn\u00e9es.<\/p>    <h3 class=\"wp-block-heading title-display mt-5\">Comment et o\u00f9 recueillons-nous les donn\u00e9es faisant l&rsquo;objet du traitement?<\/h3>    <h4 class=\"wp-block-heading title-display\">Donn\u00e9es fournies par le titulaire de ces derni\u00e8res<\/h4>    <p>Le titulaire des donn\u00e9es nous fait parvenir les donn\u00e9es par les moyens suivants :<\/p>    <h5 class=\"wp-block-heading\">Consentement expr\u00e8s :<\/h5>    <p>En fournissant les donn\u00e9es n\u00e9cessaires \u00e0 la relation commerciale (fourniture du service m\u00e9dical). Dans les cas des patients, via un document qu\u2019ils signent \u00e0 l\u2019arriv\u00e9e dans notre centre en vue de b\u00e9n\u00e9ficier d\u2019un service m\u00e9dical. Il est important d\u2019avoir conscience que nous ne pourrons pas traiter les donn\u00e9es et, par cons\u00e9quent, ne pourrons pas fournir le service m\u00e9dical demand\u00e9 sans cette autorisation.<\/p>    <h5 class=\"wp-block-heading\">R\u00e9ception des communications via des dispositifs portables ou par e-mail :<\/h5>    <p>Confirmation des rendez-vous, actualit\u00e9s, bulletins ou notifications Push (notifications sur portables : SMS et autres syst\u00e8mes de notification).<br>Les donn\u00e9es de l\u2019\u00e9mail, du num\u00e9ro de portable et les autres donn\u00e9es n\u00e9cessaires au service (nom du docteur, date et heure, par exemple) font l\u2019objet d\u2019un traitement.<\/p>    <h5 class=\"wp-block-heading\">Utilisation des donn\u00e9es de nos plateformes en ligne :<\/h5>    <p>Les plateformes en ligne sont notre site web, les apps et\/ou les consultations en ligne. http:\/\/www.ginefiv.com.<br>Des donn\u00e9es relatives \u00e0 la sant\u00e9 \u00e9tant collect\u00e9es sur ces plateformes, votre consentement expr\u00e8s est requis. Celui-ci est consid\u00e9r\u00e9 comme \u00e9tant octroy\u00e9 lorsque vous acceptez notre politique de confidentialit\u00e9.<\/p>    <h5 class=\"wp-block-heading\">Acceptation des cookies sur le site web :<\/h5>    <p>Le site web contient les donn\u00e9es de notre politique relative aux cookies.<\/p>    <h4 class=\"wp-block-heading title-display mt-3\">Donn\u00e9es non fournies par le titulaire des donn\u00e9es<\/h4>    <p><strong>Donn\u00e9es fournies par des accompagnants non autoris\u00e9s<\/strong><br>En cas d\u2019urgence, de perte de conscience ou de risque vital rendant impossible l\u2019octroi de votre consentement, en vertu du droit l\u00e9gal \u00e0 la vie et \u00e0 titre d\u2019obligation l\u00e9gale et d\u2019int\u00e9r\u00eat l\u00e9gitime de Ginefiv, vos donn\u00e9es pourront \u00e9maner de tiers si cela s\u2019av\u00e8re n\u00e9cessaire en vue d\u2019assurer l\u2019assistance m\u00e9dicale urgente. De m\u00eame, les personnes li\u00e9es au patient par des relations familiales ou de fait seront inform\u00e9es. Vos donn\u00e9es seront utilis\u00e9es exclusivement en vue d\u2019assurer l\u2019assistance m\u00e9dicale et d\u2019\u00e9laborer votre dossier m\u00e9dical, en vertu des documents cliniques et de la loi 41\/2002 sur l\u2019autonomie du patient. Dans tous les cas, nous recueillerons le consentement de l\u2019int\u00e9ress\u00e9 lors de la premi\u00e8re communication avec lui ou dans le d\u00e9lai maximal d\u2019un mois, si possible.<\/p>    <p><strong><strong>Donn\u00e9es inf\u00e9r\u00e9es :<\/strong><\/strong><br>Il s\u2019agit de donn\u00e9es fournies par l\u2019usager d\u2019une mani\u00e8re inconsciente ou non volontaire, r\u00e9sultant de l\u2019application d\u2019algorithmes.<br>GINEFIV n\u2019utilise et n\u2019analyse en aucun cas des moyens externes \u00e0 notre relation directe avec ses clients, patients et personnes associ\u00e9es, \u00e0 l\u2019exception des donn\u00e9es provenant de l\u2019utilisation de donn\u00e9es analytiques sur le site web et l\u2019application.<br>Toutes les donn\u00e9es inf\u00e9r\u00e9es susceptibles d\u2019\u00eatre utilis\u00e9es ont trait \u00e0 son interaction avec nous ou avec les collaborateurs et fournisseurs l\u00e9gitimes (comme des tests de diagnostiques externes, par exemple).<\/p>    <h3 class=\"wp-block-heading title-display mt-3\">D\u00e9lai de conservation<\/h3>    <p>Il s\u2019agira du d\u00e9lai n\u00e9cessaire au traitement des donn\u00e9es pendant toute la dur\u00e9e de la relation contractuelle ou de l\u2019assistance, jusqu\u2019\u00e0 l\u2019opposition au traitement de la part du titulaire et, dans tous les cas, dans le p\u00e9riode l\u00e9galement \u00e9tablie pour la conservation des documents juridiques ou du dossier m\u00e9dical.<\/p>    <h3 class=\"wp-block-heading title-display mt-3 has-black-color has-text-color\">Donn\u00e9es relatives \u00e0 la sant\u00e9:<\/h3>    <ul class=\"wp-block-list\"> <li>En ce qui concerne les donn\u00e9es relatives \u00e0 la sant\u00e9 et le dossier m\u00e9dical, GINEFIV est tenue de les conserver par mandat l\u00e9gal pendant une dur\u00e9e minimale de cinq ans en vertu de la loi 41\/2002 sur l\u2019autonomie du patient. De m\u00eame, s\u2019agissant d\u2019un \u00e9tablissement de tissus, l\u2019article 8 de la directive 2004\/23 CE du Parlement europ\u00e9en et du Conseil du 31 mars 2004 stipule que ces \u00e9tablissements doivent conserver les donn\u00e9es n\u00e9cessaires pour garantir la tra\u00e7abilit\u00e9 \u00e0 toutes les \u00e9tapes. Les donn\u00e9es permettant de garantir pleinement la tra\u00e7abilit\u00e9 sont conserv\u00e9es pendant 30 ans minimum apr\u00e8s l\u2019utilisation clinique. En outre, l\u2019article 11 de la loi 14\/2006 du 26 mai sur les techniques de f\u00e9condation assist\u00e9e dispose que les gam\u00e8tes et de pr\u00e9embryons devront \u00eatre conserv\u00e9s ind\u00e9finiment :&nbsp;\u00bb<\/li> <\/ul>    <ul class=\"wp-block-list\"> <li>Le sperme pourra \u00eatre cryoconserv\u00e9 dans des banques de gam\u00e8tes agr\u00e9\u00e9es tout au long de la vie de l\u2019homme dont il provient.<\/li>    <li>La cryoconservation des ovocytes, du tissu ovarien et des pr\u00e9embryons restants, issus des techniques de f\u00e9condation in vitro, pourra \u00eatre prolong\u00e9e jusqu\u2019au moment o\u00f9 les responsables m\u00e9dicaux, suivant l\u2019avis favorable de sp\u00e9cialistes ind\u00e9pendants et ext\u00e9rieurs au centre concern\u00e9, consid\u00e8rent que la r\u00e9ceptrice ne r\u00e9unit plus les conditions cliniquement requises pour la pratique de la technique de reproduction assist\u00e9e. Tout cela en tenant compte du fait que le consentement avis\u00e9, d\u00fbment attest\u00e9, sera requis en vue de l\u2019utilisation des pr\u00e9embryons ou, le cas \u00e9ch\u00e9ant, du sperme, des ovocytes ou du tissu ovarien cryoconserv\u00e9, pour l\u2019une quelconque des finalit\u00e9s pr\u00e9vues dans la r\u00e9glementation mentionn\u00e9e.<\/li> <\/ul>    <h3 class=\"wp-block-heading title-display mt-3\">Donn\u00e9es obtenues \u00e0 partir des consultations en ligne:<\/h3>    <p>D\u00e9lai d\u2019un an, \u00e0 l\u2019exception des donn\u00e9es qui sont n\u00e9cessaires afin que l\u2019int\u00e9ress\u00e9 puisse continuer \u00e0 profiter du service de consultation, ou jusqu\u2019au moment o\u00f9 l\u2019int\u00e9ress\u00e9 exerce ses droits d\u2019opposition, de limitation ou de suppression.<\/p>    <h3 class=\"wp-block-heading title-display mt-5\">Donn\u00e9es des curriculum vit\u00e6:<\/h3>    <p>D\u00e9lai d\u2019un an, au-del\u00e0 duquel les donn\u00e9es seront supprim\u00e9es. En ce sens, si vous souhaitez continuer \u00e0 participer aux processus de s\u00e9lection du Responsable une fois que ce d\u00e9lai est \u00e9coul\u00e9, nous vous prions de nous remettre \u00e0 nouveau votre curriculum vit\u00e6.<\/p>    <h3 class=\"wp-block-heading title-display mt-5\">Cookies<\/h3>    <p>Les d\u00e9lais de conservation des cookies que nous utilisons sont indiqu\u00e9s dans notre politique relative aux cookies<strong> <\/strong><\/p>    <h3 class=\"wp-block-heading title-display mt-3\">Autres donn\u00e9es:<\/h3>    <p>Les autres donn\u00e9es \u00e0 caract\u00e8re personnel recueillies par GINEFIV, comme les images de vid\u00e9osurveillance, les contrats et autres documents juridiques, par exemple, seront conserv\u00e9s pendant le d\u00e9lai l\u00e9galement pr\u00e9vu dans ce cas, ou jusqu\u2019au moment o\u00f9 l\u2019int\u00e9ress\u00e9 exercera ses droits d\u2019opposition, de limitation ou de suppression, sauf disposition l\u00e9gale contraire.<br><\/p>    <h3 class=\"wp-block-heading title-display mt-3\">Donn\u00e9es fiscales et d\u2019imposition:<\/h3>    <p>Elles seront conserv\u00e9es pendant quatre ans en vertu de la r\u00e9glementation fiscale (Loi g\u00e9n\u00e9rale d\u2019imposition et autres lois compl\u00e9mentaires ou additionnelles de l\u2019\u00c9tat ou des communaut\u00e9s autonomes).<br><\/p>    <h3 class=\"wp-block-heading title-display mt-3\">Donn\u00e9es de la s\u00e9curit\u00e9 sociale:<\/h3>    <p>Elles seront conserv\u00e9es pendant le d\u00e9lai \u00e9tabli par la r\u00e9glementation relative \u00e0 la s\u00e9curit\u00e9 sociale. Dans le cas des donn\u00e9es d\u2019affiliation, ce d\u00e9lai sera de quatre ans.<br><\/p>    <h3 class=\"wp-block-heading title-display mt-3\">Donn\u00e9es de vid\u00e9osurveillance:<\/h3>    <p>Elles seront conserv\u00e9es pendant un mois, sauf si elles peuvent constituer des infractions p\u00e9nales ou administratives.<br><\/p>    <h3 class=\"wp-block-heading title-display mt-3\">Int\u00e9r\u00eat l\u00e9gitime<\/h3>    <p>Il s\u2019agit d\u2019un int\u00e9r\u00eat justifiant l\u00e9galement le traitement des donn\u00e9es. Cet int\u00e9r\u00eat repose sur plusieurs motifs :<\/p>    <h3 class=\"wp-block-heading title-display mt-3\">Par contrat ou int\u00e9r\u00eat l\u00e9gitime pour les services fournis dans la clinique.ime<\/h3>    <p>Dans le cas des patients, le contrat est \u00e9tabli au moment o\u00f9 le patient requiert les services de l\u2019h\u00f4pital\/ du centre. L\u2019int\u00e9r\u00eat l\u00e9gitime est un int\u00e9r\u00eat sup\u00e9rieur du Responsable pour la r\u00e9alisation du traitement des donn\u00e9es (vid\u00e9osurveillance pour assurer la s\u00e9curit\u00e9 des installations ou r\u00e9alisation d\u2019enqu\u00eates de satisfaction en vue de la qualit\u00e9 du service). Plus particuli\u00e8rement, il s\u2019agit du traitement des donn\u00e9es m\u00e9dicales sensibles qui sont fondamentales pour les services m\u00e9dicaux et pour les activit\u00e9s n\u00e9cessaires en vue de les fournir, telles que l\u2019identification, le traitement, les tests, l\u2019alimentation, la facturation, etc.<br><\/p>    <h3 class=\"wp-block-heading title-display mt-3\">Par obligation l\u00e9gale.<\/h3>    <p>Si vous vous trouvez dans une situation telle que vous ne pouvez pas octroyer votre consentement et que vos donn\u00e9es sont recueillies par un tiers, \u00e9tant donn\u00e9 que le devoir d\u2019assistance et le devoir de diligence sont des obligations juridiques sup\u00e9rieures.<br><\/p>    <h3 class=\"wp-block-heading title-display mt-3\">Par consentement de l\u2019int\u00e9ress\u00e9.<\/h3>    <p>En cas d\u2019absence de l\u00e9gitimation l\u00e9gale ou d\u2019int\u00e9r\u00eat sup\u00e9rieur, nous vous demanderons votre consentement expr\u00e8s en vue du traitement de vos donn\u00e9es personnelles et cela sera enregistr\u00e9 comme tel.<\/p>    <p>\u00c9tant donn\u00e9 que les donn\u00e9s relatives \u00e0 la sant\u00e9 b\u00e9n\u00e9ficient d\u2019une protection sp\u00e9ciale, votre consentement expr\u00e8s sera requis en vue de la fourniture du service sanitaire.<br>\u00c0 cet \u00e9gard, nous pourrons vous demander \u00e9galement votre consentement pour l\u2019utilisation de vos donn\u00e9es \u00e0 d\u2019autres fins, comme l\u2019inscription \u00e0 notre blog, la recherche, des promotion, des informations sur les services, etc.<br><\/p>    <h3 class=\"wp-block-heading title-display mt-3\">Quel est l\u2019objectif du traitement de vos donn\u00e9es?<\/h3>    <p>En g\u00e9n\u00e9ral, l\u2019objectif du traitement de vos donn\u00e9es est la r\u00e9alisation de nos services et l\u2019accomplissent de la mission de notre organisation. Nous recueillons en particulier les donn\u00e9es \u00e0 caract\u00e8re personnel pour les finalit\u00e9s suivantes :<br><\/p>    <h3 class=\"wp-block-heading title-display mt-3\">Patients et personnes associ\u00e9es : fournir le service clinique souscrit.<\/h3>    <p>Dans le cas des donn\u00e9es relatives \u00e0 la sant\u00e9 des patients, afin de fournir des services m\u00e9dicaux et compl\u00e9mentaires sollicit\u00e9s par eux-m\u00eames et afin d\u2019accomplir avec les obligations l\u00e9gales d\u00e9coulant de notre activit\u00e9. Elles sont \u00e9galement n\u00e9cessaires en vue de la facturation du service fourni.<br><\/p>    <h3 class=\"wp-block-heading title-display mt-3\">Citoyens en g\u00e9n\u00e9ral : fournir le service de consultation en ligne.<\/h3>    <p>Nous collectons les donn\u00e9es fournies par la personne effectuant la consultation afin de pouvoir r\u00e9pondre \u00e0 cette derni\u00e8re. Les donn\u00e9es trait\u00e9es sur le site web pouvant contenir des informations m\u00e9dicales faisant l\u2019objet d\u2019une protection sp\u00e9ciale, nous appliquons les mesures de s\u00e9curit\u00e9s adapt\u00e9es au risque.<br><\/p>    <h3 class=\"wp-block-heading title-display mt-3\">Publicit\u00e9<\/h3>    <p>Nous pouvons utiliser des techniques de commercialisation directe (forme de publicit\u00e9 qui utilise un ou plusieurs moyens de communication directe aupr\u00e8s d\u2019un public cible afin d\u2019obtenir une r\u00e9ponse directe et quantifiable) afin de cr\u00e9er des services adapt\u00e9s ou d\u2019informer des avanc\u00e9es et nouveaut\u00e9s qui pourraient int\u00e9resser les titulaires. En vous inscrivant \u00e0 notre blog \u00ab sant\u00e9 reproductive de Ginefiv \u00bb, nous pourrons envoyer des informations relatives \u00e0 la fertilit\u00e9 et aux services propos\u00e9s par Ginefiv \u00e0 l\u2019adresse \u00e9lectronique que vous nous aurez communiqu\u00e9e au pr\u00e9alable.<br><\/p>    <h3 class=\"wp-block-heading title-display mt-3\">Recherche ou \u00e9tude<\/h3>    <p>\u00c0 exception de cas sp\u00e9cifiques pour lesquels l\u2019identification sera n\u00e9cessaire, auquel cas le consentement expr\u00e8s sera recueilli, nous disposerons et traiterons des donn\u00e9es dissoci\u00e9es \u00e0 des fins de formation, de recherche et d\u2019\u00e9tude scientifique, en apportant une valeur dans le domaine de la m\u00e9decine au profit de la soci\u00e9t\u00e9.<br><\/p>    <h3 class=\"wp-block-heading title-display mt-3\">Recherche \u00c0 qui c\u00e9dons-nous vos donn\u00e9es?<\/h3>    <p>Nous ne c\u00e9dons aucune donn\u00e9e \u00e0 des tiers, sauf int\u00e9r\u00eat l\u00e9gitime ou obligation l\u00e9gale. En outre, nous ne c\u00e9dons que des donn\u00e9es strictement n\u00e9cessaires \u00e0 l\u2019ex\u00e9cution de nos services et uniquement lorsque ces services ne pourraient pas \u00eatre r\u00e9alis\u00e9s sans cette cession.<br><\/p>    <h3 class=\"wp-block-heading title-display mt-3\">Donn\u00e9es des patients:<\/h3>    <p>Les organismes n\u00e9cessaires en vue de la r\u00e9alisation pleine et enti\u00e8re de nos services aux patients sont principalement les suivantes, \u00e0 titre non exhaustif (\u00ab responsables du traitement \u00bb) : administration sanitaire, compagnies d\u2019assurances, entreprises de services m\u00e9dicaux externes, laboratoires d\u2019analyse et tests, entreprises de services compl\u00e9mentaires externes et, en g\u00e9n\u00e9ral, entreprises fournissant des services compl\u00e9mentaires et d\u2019assistance n\u00e9cessaires \u00e0 la fourniture du service, au contr\u00f4le de la qualit\u00e9 de celle-ci et la s\u00e9curit\u00e9 des patients (notamment des inspections ou des conseils).<\/p>    <p>Organismes cessionnaires : dans le cas des patients et des compagnies d\u2019assurances, si la prestation de soins est effectu\u00e9e en vertu de contrats, de couvertures ou de polices d\u2019assurance dont le patient est b\u00e9n\u00e9ficiaire, les donn\u00e9es relatives aux services r\u00e9alis\u00e9s seront fournies, \u00e9tant donn\u00e9 qu\u2019elles s\u2019av\u00e8rent indispensables \u00e0 la couverture et \u00e0 sa facturation.<\/p>    <p>En vertu de ce qui pr\u00e9c\u00e8de, si votre compagnie d\u2019assurances ou votre m\u00e9decin traitant se trouve dans un pays ne faisant pas partie de l\u2019Union europ\u00e9enne, les donn\u00e9es ne seront c\u00e9d\u00e9es que si le patient a express\u00e9ment autoris\u00e9 le transfert international de ses donn\u00e9es aux fins susmentionn\u00e9es. Il convient de mentionner que cette autorisation est indispensable afin de pouvoir fournir le service en b\u00e9n\u00e9ficiant de la couverture de la compagnie d\u2019assurances.<\/p>    <p>Les donn\u00e9es d\u2019identification, professionnelles, socio\u00e9conomiques, financi\u00e8res et patrimoniales pourront \u00e9galement \u00eatre c\u00e9d\u00e9es \u00e0 des organismes financiers afin qu\u2019ils puissent traiter la demande de produits financiers pr\u00e9sent\u00e9e par les int\u00e9ress\u00e9s, notamment l\u2019analyse et l\u2019\u00e9valuation du risque de cr\u00e9dit des op\u00e9rations demand\u00e9es.<\/p>    <p>En outre, dans les cas o\u00f9 le traitement des donn\u00e9es requiert l\u2019intervention d\u2019autres fournisseurs de services, comme des laboratoires sp\u00e9cialis\u00e9s dans l\u2019analyse ou le diagnostic, entre autres, qui ont besoin de ces donn\u00e9es pour fournir ce service, ces derni\u00e8res pourront leur \u00eatre c\u00e9d\u00e9es ou communiqu\u00e9es, uniquement aux fins susmentionn\u00e9es.<\/p>    <p>Dans le cas de l\u2019administration sanitaire, les donn\u00e9es pourront \u00eatre c\u00e9d\u00e9es dans les cas pr\u00e9vus par la loi. Les donn\u00e9es obtenues \u00e0 travers le syst\u00e8me de vid\u00e9osurveillance ne pourront \u00eatre c\u00e9d\u00e9es aux forces et services de s\u00e9curit\u00e9 de l\u2019\u00c9tat, ainsi qu\u2019aux cours et tribunaux comp\u00e9tents, que par ordonnance l\u00e9gale ou judiciaire.<br><\/p>    <h3 class=\"wp-block-heading title-display mt-3\">Donn\u00e9es du personnel<\/h3>    <p>Les organismes n\u00e9cessaires en vue de la r\u00e9alisation pleine et enti\u00e8re de notre activit\u00e9 sont principalement les suivantes, \u00e0 titre non exhaustif (\u00ab responsables du traitement \u00bb) : soci\u00e9t\u00e9s de conseil professionnel, entreprises sp\u00e9cialis\u00e9es dans la pr\u00e9vention des risques et la sant\u00e9 sur le lieu travail, soci\u00e9t\u00e9s de conseil juridique dans le cas des les employ\u00e9s ; soci\u00e9t\u00e9s de conseil fiscal dans le cas des collaborateurs ; dans tous les cas : autres soci\u00e9t\u00e9 de conseil compl\u00e9mentaires s\u2019av\u00e9rant n\u00e9cessaires \u00e0 la r\u00e9alisation de l\u2019activit\u00e9 dans le respect de la qualit\u00e9 et de la l\u00e9galit\u00e9 requises ; ainsi que l\u2019administration publique en vertu des crit\u00e8res l\u00e9gaux \u00e9tablis.<br><\/p>    <h3 class=\"wp-block-heading title-display mt-3\">Donn\u00e9es en g\u00e9n\u00e9ral<\/h3>    <p>Les autres organismes n\u00e9cessaires en vue de la r\u00e9alisation pleine et enti\u00e8re de notre activit\u00e9 sont principalement les suivantes, \u00e0 titre non exhaustif (\u00ab responsables du traitement \u00bb) : entreprises de s\u00e9curit\u00e9 (vid\u00e9osurveillance), entreprises de messagerie (limit\u00e9e), entreprises de services informatiques externes, entreprises de livraison (\u00ab mailing s \u00bb), entreprises de sondage (avec consentement du titulaire au pr\u00e9alable) et, en g\u00e9n\u00e9ral, toute autre entreprise et organisation s\u2019av\u00e9rant n\u00e9cessaires \u00e0 la r\u00e9alisation de l\u2019activit\u00e9 dans le respect de la qualit\u00e9 et de la l\u00e9galit\u00e9 requises ; ainsi que l\u2019administration publique en vertu des crit\u00e8res l\u00e9gaux \u00e9tablis.<br><\/p>    <h3 class=\"wp-block-heading title-display mt-3\">Mesures de s\u00e9curit\u00e9<\/h3>    <p>La clinique applique un syst\u00e8me de qualit\u00e9 certifi\u00e9 selon la norme internationale ISO 9001: 2015, qui contr\u00f4le la mise en \u0153uvre des normes juridiques, ainsi que la certification \u00ab Sanidad Excelente \u00bb et la certification \u00ab Mercurio \u00bb pour la protection des donn\u00e9es, en conformit\u00e9 avec le Code de protection des donn\u00e9es pour les organisations sanitaires priv\u00e9es, disponible sur le site de l\u2019Agence espagnole de protection des donn\u00e9es : <a href=\"http:\/\/www.aepd.es\">www.aepd.es<\/a>.<\/p>    <p>La Clinique applique les mesures de s\u00e9curit\u00e9 d\u00e9crites dans ses processus et proc\u00e9dures de gestion et de qualit\u00e9. Elle applique \u00e9galement des mesures de protection de ses syst\u00e8mes d\u2019information, Toutes ces mesures figurent dans son document de s\u00e9curit\u00e9.<br><\/p>    <h3 class=\"wp-block-heading title-display mt-3\">Quels sont les droits des titulaires des donn\u00e9es?<\/h3>    <p>Le titulaire des donn\u00e9es a le droit d\u2019acc\u00e9der, de rectifier, de supprimer, de limiter, de porter et de s\u2019opposer au traitement de ses donn\u00e9es, Il peut \u00e9galement pr\u00e9senter une r\u00e9clamation aupr\u00e8s de l\u2019Agence espagnole de protection des donn\u00e9es.<\/p>    <p>Nous vous recommandons de consulter le guide \u00e0 l\u2019attention du citoyen \u00e9dit\u00e9 par l\u2019Agence espagnole de protection des donn\u00e9es, o\u00f9 ces diff\u00e9rents droits sont expliqu\u00e9s dans le d\u00e9tail :<br><a href=\"http:\/\/www.agpd.es\/portalwebAGPD\/canaldocumentacion\/publicaciones\/common\/Guias\/GUIA_CIUDADANO.pdf\">http:\/\/www.agpd.es\/portalwebAGPD\/canaldocumentacion\/publicaciones\/common\/Guias\/GUIA_CIUDADANO.pdf<\/a><br>Les droits dont dispose le titulaire sont les suivants :<\/p>    <h4 class=\"wp-block-heading title-display mt-3\">Acc\u00e8s<\/h4>    <p>Le droit d\u2019obtenir confirmation de l\u2019utilisation ou non de ses donn\u00e9es et, le cas \u00e9ch\u00e9ant, le droit d\u2019obtenir les informations suivantes : finalit\u00e9 du traitement ; cat\u00e9gories des donn\u00e9es trait\u00e9es ; destinataires ou cat\u00e9gories de destinataires auxquels les donn\u00e9es ont \u00e9t\u00e9 c\u00e9d\u00e9es ou seront c\u00e9d\u00e9es ; d\u00e9lai pr\u00e9vu pour la conservation de ces donn\u00e9es \u00e0 caract\u00e8re personnel ou, si cela n\u2019est pas possible directement, les crit\u00e8res permettant de d\u00e9terminer ce d\u00e9lai.<\/p>    <p>Le titulaire pourra exercer ce droit une fois tous les six mois, sauf en cas de motif l\u00e9gitime pour s\u2019en pr\u00e9valoir plus d\u2019une fois pendant cette p\u00e9riode de six mois.<br>Lorsque le titulaire exercera ce droit d\u2019acc\u00e8s, une copie des donn\u00e9es demand\u00e9es lui sera remise dans un format lisible, au choix de l\u2019int\u00e9ress\u00e9. Concernant les donn\u00e9es m\u00e9dicales, seules les donn\u00e9es de l\u2019int\u00e9ress\u00e9 lui seront fournies, \u00e0 l\u2019exception d\u2019autres donn\u00e9es du dossier m\u00e9dical ne lui appartenant. Le tout dans le respect de l\u2019int\u00e9r\u00eat de la personne concern\u00e9e et des dispositions l\u00e9gales.<\/p>    <p>Si nous recevons des demandes d\u2019acc\u00e8s aux donn\u00e9es manifestement non fond\u00e9es ou excessives, surtout si elles se r\u00e9p\u00e8tent, nous serons en droit de r\u00e9clamer une compensation \u00e9conomique pour les frais administratifs engendr\u00e9s suite \u00e0 la demande. Cette compensation \u00e9conomique \u00e9quivaudra au v\u00e9ritable co\u00fbt du traitement de cette demande.<\/p>    <p>L\u2019int\u00e9ress\u00e9 sera inform\u00e9 des d\u00e9marches li\u00e9es \u00e0 sa demande dans le d\u00e9lai d\u2019un mois (le d\u00e9lai pourra \u00eatre de deux mois en cas de demande particuli\u00e8rement complexe ; l\u2019int\u00e9ress\u00e9 \u00e9tant inform\u00e9 de ce d\u00e9lai suppl\u00e9mentaire au cours du premier mois).<\/p>    <p>Si nous d\u00e9cidons de ne pas accepter une demande, nous informerons l\u2019int\u00e9ress\u00e9 de cette d\u00e9cision et des causes motivant le refus dans un d\u00e9lai d\u2019un mois \u00e0 compter de la r\u00e9ception de la demande ; l\u2019int\u00e9ress\u00e9 pourra alors pr\u00e9senter une r\u00e9clamation aupr\u00e8s de l\u2019Agence espagnole de protection des donn\u00e9es.<br><\/p>    <h4 class=\"wp-block-heading title-display mt-3\">Rectification<\/h4>    <p>Ce droit consiste \u00e0 obtenir la rectification des donn\u00e9es personnelles qui ne seraient pas exactes ou \u00e0 pouvoir compl\u00e9ter celles qui seraient incompl\u00e8tes en fournissant une d\u00e9claration suppl\u00e9mentaire, tout en tenant compte des finalit\u00e9s du traitement.<\/p>    <p>\u00c0 cette fin, l\u2019int\u00e9ress\u00e9 devra pr\u00e9senter une demande indiquant les donn\u00e9es en question et la correction souhait\u00e9e en ajoutant, le cas \u00e9ch\u00e9ant, les documents attestant de l\u2019inexactitude ou du caract\u00e8re incomplet des donn\u00e9es faisant l\u2019objet du traitement.<br><\/p>    <h4 class=\"wp-block-heading title-display mt-3\">Suppression<\/h4>    <p>Il s\u2019agit du droit \u00e0 la suppression des donn\u00e9es personnelles dans les circonstances suivantes : si les donn\u00e9es ne sont pas n\u00e9cessaires afin d\u2019atteindre les finalit\u00e9s pour lesquelles elles ont \u00e9t\u00e9 collect\u00e9es ou trait\u00e9es ; si le consentement est retir\u00e9 et le traitement ne repose pas sur une autre base juridique (exemples mentionn\u00e9s auparavant) ; si le titulaire s\u2019oppose au traitement et aucun autre motif l\u00e9gitime ne pr\u00e9vaut \u00e0 cet \u00e9gard ; si les donn\u00e9es ont \u00e9t\u00e9 trait\u00e9es illicitement.<\/p>    <p>En ce qui concerne les donn\u00e9es relatives \u00e0 la sant\u00e9 figurant dans le dossier m\u00e9dical, celles-ci doivent \u00eatre conserv\u00e9es pendant la dur\u00e9e \u00e9tablie l\u00e9galement dans la l\u00e9gislation applicable en mati\u00e8re de documentation clinique et lorsqu\u2019elles sont d\u2019int\u00e9r\u00eat public en vertu de l\u2019ordre juridique.<\/p>    <p>Lorsque la suppression d\u00e9coule de l\u2019exercice du droit d\u2019opposition au traitement des donn\u00e9es, \u00e0 des fins de commercialisation directe, nous pourrons conserver les donn\u00e9es d\u2019identification afin d\u2019emp\u00eacher leur traitement futur \u00e0 des fins de commercialisation directe.<\/p>    <p>Lorsque nous aurons c\u00e9d\u00e9 les donn\u00e9es personnelles et serons dans l\u2019obligation de les supprimer, nous adopterons des mesures raisonnables et adapt\u00e9es \u00e0 la technologie disponible et au co\u00fbt de cette op\u00e9ration, notamment des mesures techniques, visant \u00e0 informer les responsables du traitement des donn\u00e9es personnelles de l\u2019existence d\u2019une demande de suppression.<\/p>    <p>Ces dispositions ne s\u2019appliqueront pas en cas d\u2019obligation l\u00e9gale de traitement des donn\u00e9es, en vue de l\u2019accomplissement d\u2019une mission d\u2019int\u00e9r\u00eat public ou en vue de l\u2019exercice des pouvoirs publics conf\u00e9r\u00e9s ; \u00e0 des fins de recherche scientifique ou historique, ou pour l\u2019\u00e9laboration de statistiques, dans la mesure o\u00f9 le droit de suppression rendrait impossible ou entraverait gravement l\u2019accomplissement de ces objectifs ; pour la formulation et l\u2019exercice ou la d\u00e9fense des r\u00e9clamations.<br><\/p>    <h4 class=\"wp-block-heading title-display mt-3\">Opposition<\/h4>    <p>Le titulaire aura le droit de s\u2019opposer au traitement de ses donn\u00e9es \u00e0 tout moment, sauf dans les circonstances l\u00e9gales susmentionn\u00e9es.<\/p>    <p>Lorsque le titulaire exerce ce droit, nous cessons le traitement de ses donn\u00e9es personnelles, sauf si nous sommes en mesure d\u2019invoquer des motifs l\u00e9gitimes et imp\u00e9rieux faisant en sorte que ce traitement pr\u00e9vale sur ses int\u00e9r\u00eats, droits et libert\u00e9s, pour la formulation, l\u2019exercice ou la d\u00e9fense des r\u00e9clamations, pour la conservation du dossier m\u00e9dical en vertu de l\u2019ordre juridique, ou pour des motifs d\u2019int\u00e9r\u00eat public, le cas \u00e9ch\u00e9ant.<\/p>    <p>Lorsque le traitement des donn\u00e9es a pour finalit\u00e9 sera la commercialisation directe, le titulaire aura le droit de s\u2019y opposer \u00e0 tout moment et, le cas \u00e9ch\u00e9ant, les donn\u00e9es personnelles cesseront imm\u00e9diatement d\u2019\u00eatre trait\u00e9es \u00e0 cette fin.<br><\/p>    <h4 class=\"wp-block-heading title-display mt-3\">Limitation du traitement<\/h4>    <p>Le titulaire peut se pr\u00e9valoir du droit \u00e0 la limitation du traitement de ses donn\u00e9es lorsque l\u2019une des conditions suivantes sont satisfaites :<\/p>    <p>Lorsque le titulaire informe de l\u2019inexactitude de ses donn\u00e9es personnelles dans un d\u00e9lai nous permettant de v\u00e9rifier si ces derni\u00e8res sont exactes ou non<\/p>    <p>Lorsque le titulaire consid\u00e8re que le traitement de ses donn\u00e9es est illicite et qu\u2019il invoque sont droit \u00e0 la limitation du traitement apr\u00e8s nous \u00eatre oppos\u00e9s \u00e0 la suppression de ses donn\u00e9es personnelles<\/p>    <p>Lorsque nous n\u2019avons plus besoin des donn\u00e9es personnelles pour les finalit\u00e9s du traitement, alors que celles-ci doivent \u00eatre conserv\u00e9es pour des raisons l\u00e9gales ou pour la formulation, l\u2019exercice ou la d\u00e9fense de r\u00e9clamations<\/p>    <p>Lorsque le titulaire s\u2019oppose au traitement de ses donn\u00e9es que nous v\u00e9rifiions si nos int\u00e9r\u00eats l\u00e9gitimes pr\u00e9valent sur les siens.<\/p>    <p>Lorsque le titulaire aura obtenu la limitation du traitement conform\u00e9ment \u00e0 l\u2019exercice de ce droit, nous l\u2019en informerons avant la suppression de cette limitation.<\/p>    <p>De m\u00eame, toute rectification ou suppression des donn\u00e9es personnelles et toute limitation du traitement seront communiqu\u00e9es \u00e0 chaque destinataire \u00e0 qui ces donn\u00e9es personnelles ont \u00e9t\u00e9 c\u00e9d\u00e9es ou communiqu\u00e9es, les donn\u00e9es personnelles, sauf si cela s\u2019av\u00e8re impossible ou implique un effort disproportionn\u00e9. \u00c0 sa demande, nous pourrons informer le titulaire au sujet de ces destinataires.<\/p>    <p>En outre, le titulaire pourra \u00e0 tout moment r\u00e9voquer son consentement \u00e0 certains types de traitement \u00e0 l\u2019avenir. Cependant, cette r\u00e9vocation n\u2019a aucune effet sur la l\u00e9gitimit\u00e9 du traitement avant la r\u00e9vocation de son consentement ou si le traitement peut \u00eatre justifi\u00e9 en vertu d\u2019un autre fondement juridique.<br><\/p>    <h4 class=\"wp-block-heading title-display mt-3\">Portabilit\u00e9<\/h4>    <p>Le titulaire a le droit de recevoir les donn\u00e9es personnelles qu\u2019il nous a fournies et qui sont en notre possession, dans un format structur\u00e9, couramment utilis\u00e9, lisible par machine et interop\u00e9rable, et de les transmettre \u00e0 un autre responsable du traitement sans que nous puissions nous y opposer, si le traitement est fond\u00e9 sur le consentement et s\u2019effectue par des moyens automatis\u00e9s.<\/p>    <p>Le titulaire a \u00e9galement le droit de demander la transmission directe de ses donn\u00e9es entre responsables lorsque c\u2019est techniquement possible.<br>Ce droit peut \u00eatre exerc\u00e9 est sans pr\u00e9judice des pouvoirs conf\u00e9r\u00e9s par le droit de suppression. Le droit \u00e0 la portabilit\u00e9 n\u2019appliquera pas aux donn\u00e9es provenant de celles qui d\u00e9coulent directement de nos services.<br><\/p>    <h3 class=\"wp-block-heading title-display mt-3\">O\u00f9 le titulaire des donn\u00e9es peut-il exercer ses droits?<\/h3>    <p>Afin d\u2019exercer ses droits, le titulaire peut \u00e9crire directement au si\u00e8ge de notre entreprise, sis Calle Jos\u00e9 Silva, 18, 28043 Madrid (Espagne).<\/p>    <p>Il peut \u00e9galement obtenir des conseils aupr\u00e8s de notre d\u00e9l\u00e9gu\u00e9 ind\u00e9pendant \u00e0 la protection des donn\u00e9es, \u00e0 l\u2019adresse suivante : dpd@ginefiv.com.<br>Enfin, il peut pr\u00e9senter une r\u00e9clamation aupr\u00e8s de l\u2019Agence espagnole de protection des donn\u00e9es.<\/p>    <p><\/p>    <p><\/p> <\/div> <\/div>   <section  class=\"text-block background-light custom-block-spacing\">   <div class=\"container\">     <div class=\"row\">       <div class=\"col-12 col-md-10 col-lg-8\">         <div class=\"text-block__text-wrapper text-heading-block alignment-left\" data-magic=\"appear-in\">                                       <\/div>       <\/div>     <\/div>   <\/div>  <\/section>   <section> \t<div class=\"cta-block-container\"> \t\t<div class=\"cta-block-container__title\"> \t\t\t<p><h2>Avez-vous<br \/> des doutes ?<\/h2> <\/p> \t\t<\/div> \t\t<div class=\"cta-block-container__separator d-none d-md-flex\"> \t\t\t<picture> \t\t\t\t<img decoding=\"async\" class=\"separator__img\" src=\"https:\/\/www.ginefiv.com\/wp-content\/themes\/wac-theme\/assets\/images\/icons\/cta-separator.webp\" alt=\"\"> \t\t\t<\/picture> \t\t<\/div> \t\t<div class=\"cta-block-container__icons-row\"> \t\t\t\t\t\t\t<div class=\"actions\"> \t\t\t\t\t<picture class=\"action__thumbnail\"> \t\t\t\t\t\t<img decoding=\"async\" class=\"action__img\" src=\"https:\/\/www.ginefiv.com\/wp-content\/themes\/wac-theme\/assets\/images\/icons\/cta-phone.webp\" alt=\"\"> \t\t\t\t\t<\/picture> \t\t\t\t\t<div class=\"action__text\"> \t\t\t\t\t\t\t\t\t\t\t\t\t<a class=\"action__text\" href=\"tel:0033 182 88 31 03\" target=\"_blank\"> \t\t\t\t\t\t\t\t<p> \t\t\t\t\t\t\t\t\tAppelez-nous gratuitement <br><strong>0033 182 88 31 03<\/strong>\t\t\t\t\t\t\t\t<\/p> \t\t\t\t\t\t\t<\/a> \t\t\t\t\t\t\t\t\t\t\t<\/div> \t\t\t\t<\/div> \t\t\t\t\t\t\t<div class=\"actions\"> \t\t\t\t\t<picture class=\"action__thumbnail\"> \t\t\t\t\t\t<img decoding=\"async\" class=\"action__img\" src=\"https:\/\/www.ginefiv.com\/wp-content\/themes\/wac-theme\/assets\/images\/icons\/cta-clinics.webp\" alt=\"\"> \t\t\t\t\t<\/picture> \t\t\t\t\t<a class=\"action__text permalink underlined\" href=\"https:\/\/www.ginefiv.com\/clinicas\/\"> \t\t\t\t\t\t<p>Visitez-nous dans<\/p> \t\t\t\t\t\t<strong>nos cliniques ginefiv<\/strong> \t\t\t\t\t<\/a> \t\t\t\t<\/div> \t\t\t\t\t\t\t<div class=\"actions\"> \t\t\t\t\t<picture class=\"action__thumbnail\"> \t\t\t\t\t\t<img decoding=\"async\" class=\"action__img\" src=\"https:\/\/www.ginefiv.com\/wp-content\/themes\/wac-theme\/assets\/images\/icons\/cta-appointment.webp\" alt=\"\"> \t\t\t\t\t<\/picture> \t\t\t\t\t<a class=\"action__text permalink underlined\" href=\"https:\/\/www.ginefiv.com\/fr\/contact\/\"> \t\t\t\t\t\t<p>Contactez-nous<\/p> \t\t\t\t\t\t<strong> <\/strong> \t\t\t\t\t<\/a> \t\t\t\t<\/div> \t\t\t\t\t<\/div> \t<\/div> <\/section>","protected":false},"excerpt":{"rendered":"<p>Que sont les donn\u00e9es personnelles? Ce sont des informations sur une personne physique identifi\u00e9e ou identifiable. C\u2019est-\u00e0-dire des informations sur&#8230;<\/p>\n","protected":false},"author":1,"featured_media":3513,"parent":0,"menu_order":0,"comment_status":"closed","ping_status":"closed","template":"","meta":{"_acf_changed":false,"footnotes":""},"class_list":["post-6246","page","type-page","status-publish","has-post-thumbnail","hentry"],"acf":[],"yoast_head":"<!-- This site is optimized with the Yoast SEO plugin v27.0 - https:\/\/yoast.com\/product\/yoast-seo-wordpress\/ -->\n<title>Protection des donn\u00e9es au sein de Ginefiv | Ginefiv Espa\u00f1a<\/title>\n<meta name=\"robots\" content=\"index, follow, max-snippet:-1, max-image-preview:large, max-video-preview:-1\" \/>\n<link rel=\"canonical\" href=\"https:\/\/www.ginefiv.com\/fr\/protection-des-donnees\/\" \/>\n<meta property=\"og:locale\" content=\"fr_FR\" \/>\n<meta property=\"og:type\" content=\"article\" \/>\n<meta property=\"og:title\" content=\"Protection des donn\u00e9es au sein de Ginefiv | Ginefiv Espa\u00f1a\" \/>\n<meta property=\"og:description\" content=\"Que sont les donn\u00e9es personnelles? Ce sont des informations sur une personne physique identifi\u00e9e ou identifiable. C\u2019est-\u00e0-dire des informations sur...\" \/>\n<meta property=\"og:url\" content=\"https:\/\/www.ginefiv.com\/fr\/protection-des-donnees\/\" \/>\n<meta property=\"og:site_name\" content=\"Ginefiv Espa\u00f1a\" \/>\n<meta property=\"article:modified_time\" content=\"2024-02-12T06:51:14+00:00\" \/>\n<meta property=\"og:image\" content=\"https:\/\/www.ginefiv.com\/wp-content\/uploads\/2023\/10\/aviso-legal-1024x683.png\" \/>\n\t<meta property=\"og:image:width\" content=\"1024\" \/>\n\t<meta property=\"og:image:height\" content=\"683\" \/>\n\t<meta property=\"og:image:type\" content=\"image\/png\" \/>\n<meta name=\"twitter:card\" content=\"summary_large_image\" \/>\n<meta name=\"twitter:label1\" content=\"Dur\u00e9e de lecture estim\u00e9e\" \/>\n\t<meta name=\"twitter:data1\" content=\"22 minutes\" \/>\n<script type=\"application\/ld+json\" class=\"yoast-schema-graph\">{\"@context\":\"https:\/\/schema.org\",\"@graph\":[{\"@type\":\"WebPage\",\"@id\":\"https:\/\/www.ginefiv.com\/fr\/protection-des-donnees\/\",\"url\":\"https:\/\/www.ginefiv.com\/fr\/protection-des-donnees\/\",\"name\":\"Protection des donn\u00e9es au sein de Ginefiv | Ginefiv Espa\u00f1a\",\"isPartOf\":{\"@id\":\"https:\/\/www.ginefiv.com\/fr\/#website\"},\"primaryImageOfPage\":{\"@id\":\"https:\/\/www.ginefiv.com\/fr\/protection-des-donnees\/#primaryimage\"},\"image\":{\"@id\":\"https:\/\/www.ginefiv.com\/fr\/protection-des-donnees\/#primaryimage\"},\"thumbnailUrl\":\"https:\/\/www.ginefiv.com\/wp-content\/uploads\/2023\/10\/aviso-legal.png\",\"datePublished\":\"2023-10-19T08:04:31+00:00\",\"dateModified\":\"2024-02-12T06:51:14+00:00\",\"breadcrumb\":{\"@id\":\"https:\/\/www.ginefiv.com\/fr\/protection-des-donnees\/#breadcrumb\"},\"inLanguage\":\"fr-FR\",\"potentialAction\":[{\"@type\":\"ReadAction\",\"target\":[\"https:\/\/www.ginefiv.com\/fr\/protection-des-donnees\/\"]}]},{\"@type\":\"ImageObject\",\"inLanguage\":\"fr-FR\",\"@id\":\"https:\/\/www.ginefiv.com\/fr\/protection-des-donnees\/#primaryimage\",\"url\":\"https:\/\/www.ginefiv.com\/wp-content\/uploads\/2023\/10\/aviso-legal.png\",\"contentUrl\":\"https:\/\/www.ginefiv.com\/wp-content\/uploads\/2023\/10\/aviso-legal.png\",\"width\":4500,\"height\":3000},{\"@type\":\"BreadcrumbList\",\"@id\":\"https:\/\/www.ginefiv.com\/fr\/protection-des-donnees\/#breadcrumb\",\"itemListElement\":[{\"@type\":\"ListItem\",\"position\":1,\"name\":\"Home\",\"item\":\"https:\/\/www.ginefiv.com\/fr\/\"},{\"@type\":\"ListItem\",\"position\":2,\"name\":\"Protection des donn\u00e9es au sein de Ginefiv\"}]},{\"@type\":\"WebSite\",\"@id\":\"https:\/\/www.ginefiv.com\/fr\/#website\",\"url\":\"https:\/\/www.ginefiv.com\/fr\/\",\"name\":\"Ginefiv Espa\u00f1a\",\"description\":\"Ginefiv, tu cl\u00ednica de reproducci\u00f3n asistida. 35 a\u00f1os de experiencia en inseminaci\u00f3n artificial y fecundaci\u00f3n in vitro\",\"publisher\":{\"@id\":\"https:\/\/www.ginefiv.com\/fr\/#organization\"},\"potentialAction\":[{\"@type\":\"SearchAction\",\"target\":{\"@type\":\"EntryPoint\",\"urlTemplate\":\"https:\/\/www.ginefiv.com\/fr\/?s={search_term_string}\"},\"query-input\":{\"@type\":\"PropertyValueSpecification\",\"valueRequired\":true,\"valueName\":\"search_term_string\"}}],\"inLanguage\":\"fr-FR\"},{\"@type\":\"Organization\",\"@id\":\"https:\/\/www.ginefiv.com\/fr\/#organization\",\"name\":\"Ginefiv\",\"url\":\"https:\/\/www.ginefiv.com\/fr\/\",\"logo\":{\"@type\":\"ImageObject\",\"inLanguage\":\"fr-FR\",\"@id\":\"https:\/\/www.ginefiv.com\/fr\/#\/schema\/logo\/image\/\",\"url\":\"https:\/\/www.ginefiv.com\/wp-content\/uploads\/2023\/12\/descarga.png\",\"contentUrl\":\"https:\/\/www.ginefiv.com\/wp-content\/uploads\/2023\/12\/descarga.png\",\"width\":437,\"height\":115,\"caption\":\"Ginefiv\"},\"image\":{\"@id\":\"https:\/\/www.ginefiv.com\/fr\/#\/schema\/logo\/image\/\"}}]}<\/script>\n<!-- \/ Yoast SEO plugin. -->","yoast_head_json":{"title":"Protection des donn\u00e9es au sein de Ginefiv | Ginefiv Espa\u00f1a","robots":{"index":"index","follow":"follow","max-snippet":"max-snippet:-1","max-image-preview":"max-image-preview:large","max-video-preview":"max-video-preview:-1"},"canonical":"https:\/\/www.ginefiv.com\/fr\/protection-des-donnees\/","og_locale":"fr_FR","og_type":"article","og_title":"Protection des donn\u00e9es au sein de Ginefiv | Ginefiv Espa\u00f1a","og_description":"Que sont les donn\u00e9es personnelles? Ce sont des informations sur une personne physique identifi\u00e9e ou identifiable. C\u2019est-\u00e0-dire des informations sur...","og_url":"https:\/\/www.ginefiv.com\/fr\/protection-des-donnees\/","og_site_name":"Ginefiv Espa\u00f1a","article_modified_time":"2024-02-12T06:51:14+00:00","og_image":[{"width":1024,"height":683,"url":"https:\/\/www.ginefiv.com\/wp-content\/uploads\/2023\/10\/aviso-legal-1024x683.png","type":"image\/png"}],"twitter_card":"summary_large_image","twitter_misc":{"Dur\u00e9e de lecture estim\u00e9e":"22 minutes"},"schema":{"@context":"https:\/\/schema.org","@graph":[{"@type":"WebPage","@id":"https:\/\/www.ginefiv.com\/fr\/protection-des-donnees\/","url":"https:\/\/www.ginefiv.com\/fr\/protection-des-donnees\/","name":"Protection des donn\u00e9es au sein de Ginefiv | Ginefiv Espa\u00f1a","isPartOf":{"@id":"https:\/\/www.ginefiv.com\/fr\/#website"},"primaryImageOfPage":{"@id":"https:\/\/www.ginefiv.com\/fr\/protection-des-donnees\/#primaryimage"},"image":{"@id":"https:\/\/www.ginefiv.com\/fr\/protection-des-donnees\/#primaryimage"},"thumbnailUrl":"https:\/\/www.ginefiv.com\/wp-content\/uploads\/2023\/10\/aviso-legal.png","datePublished":"2023-10-19T08:04:31+00:00","dateModified":"2024-02-12T06:51:14+00:00","breadcrumb":{"@id":"https:\/\/www.ginefiv.com\/fr\/protection-des-donnees\/#breadcrumb"},"inLanguage":"fr-FR","potentialAction":[{"@type":"ReadAction","target":["https:\/\/www.ginefiv.com\/fr\/protection-des-donnees\/"]}]},{"@type":"ImageObject","inLanguage":"fr-FR","@id":"https:\/\/www.ginefiv.com\/fr\/protection-des-donnees\/#primaryimage","url":"https:\/\/www.ginefiv.com\/wp-content\/uploads\/2023\/10\/aviso-legal.png","contentUrl":"https:\/\/www.ginefiv.com\/wp-content\/uploads\/2023\/10\/aviso-legal.png","width":4500,"height":3000},{"@type":"BreadcrumbList","@id":"https:\/\/www.ginefiv.com\/fr\/protection-des-donnees\/#breadcrumb","itemListElement":[{"@type":"ListItem","position":1,"name":"Home","item":"https:\/\/www.ginefiv.com\/fr\/"},{"@type":"ListItem","position":2,"name":"Protection des donn\u00e9es au sein de Ginefiv"}]},{"@type":"WebSite","@id":"https:\/\/www.ginefiv.com\/fr\/#website","url":"https:\/\/www.ginefiv.com\/fr\/","name":"Ginefiv Espa\u00f1a","description":"Ginefiv, tu cl\u00ednica de reproducci\u00f3n asistida. 35 a\u00f1os de experiencia en inseminaci\u00f3n artificial y fecundaci\u00f3n in vitro","publisher":{"@id":"https:\/\/www.ginefiv.com\/fr\/#organization"},"potentialAction":[{"@type":"SearchAction","target":{"@type":"EntryPoint","urlTemplate":"https:\/\/www.ginefiv.com\/fr\/?s={search_term_string}"},"query-input":{"@type":"PropertyValueSpecification","valueRequired":true,"valueName":"search_term_string"}}],"inLanguage":"fr-FR"},{"@type":"Organization","@id":"https:\/\/www.ginefiv.com\/fr\/#organization","name":"Ginefiv","url":"https:\/\/www.ginefiv.com\/fr\/","logo":{"@type":"ImageObject","inLanguage":"fr-FR","@id":"https:\/\/www.ginefiv.com\/fr\/#\/schema\/logo\/image\/","url":"https:\/\/www.ginefiv.com\/wp-content\/uploads\/2023\/12\/descarga.png","contentUrl":"https:\/\/www.ginefiv.com\/wp-content\/uploads\/2023\/12\/descarga.png","width":437,"height":115,"caption":"Ginefiv"},"image":{"@id":"https:\/\/www.ginefiv.com\/fr\/#\/schema\/logo\/image\/"}}]}},"_links":{"self":[{"href":"https:\/\/www.ginefiv.com\/fr\/wp-json\/wp\/v2\/pages\/6246","targetHints":{"allow":["GET"]}}],"collection":[{"href":"https:\/\/www.ginefiv.com\/fr\/wp-json\/wp\/v2\/pages"}],"about":[{"href":"https:\/\/www.ginefiv.com\/fr\/wp-json\/wp\/v2\/types\/page"}],"author":[{"embeddable":true,"href":"https:\/\/www.ginefiv.com\/fr\/wp-json\/wp\/v2\/users\/1"}],"replies":[{"embeddable":true,"href":"https:\/\/www.ginefiv.com\/fr\/wp-json\/wp\/v2\/comments?post=6246"}],"version-history":[{"count":0,"href":"https:\/\/www.ginefiv.com\/fr\/wp-json\/wp\/v2\/pages\/6246\/revisions"}],"wp:featuredmedia":[{"embeddable":true,"href":"https:\/\/www.ginefiv.com\/fr\/wp-json\/wp\/v2\/media\/3513"}],"wp:attachment":[{"href":"https:\/\/www.ginefiv.com\/fr\/wp-json\/wp\/v2\/media?parent=6246"}],"curies":[{"name":"wp","href":"https:\/\/api.w.org\/{rel}","templated":true}]}}