











{"id":5717,"date":"2023-10-19T08:04:31","date_gmt":"2023-10-19T08:04:31","guid":{"rendered":"https:\/\/www.ginefiv.com\/politica-del-sistema-de-gestion-de-la-privacidad\/"},"modified":"2024-02-12T06:27:55","modified_gmt":"2024-02-12T06:27:55","slug":"protezione-dei-dati","status":"publish","type":"page","link":"https:\/\/www.ginefiv.com\/it\/protezione-dei-dati\/","title":{"rendered":"Politica di Protezione dei Dati: informazioni estese"},"content":{"rendered":"<section class=\"page-cover has-thumbnail dark-theme\">   <div class=\"page-cover__container container\">     <div class=\"row\">       <div class=\"col-12 col-lg-8\">         <div class=\"page-cover__heading\">           <div class=\"page-cover__heading-wrapper\">                           <div class=\"page-cover__heading-title heading-title title-display hero-title\">               <h1 class=\"title-display\">Politica di Protezione dei Dati: informazioni estese<\/h1>             <\/div>                            <div class=\"page-cover__heading-content text-lg\">                 <p>La nostra pol\u00edtica sulla privacy \u00e8 conforme alle disposizioni del RGPD 2016\/679, del 27 aprile 2016, relativo alla protezione dei dati personali. Lo scopo della presente comunicazione \u00e8 di informare sul trattamento dei dati personali forniti da Lei.<\/p>               <\/div>                                    <\/div>         <\/div>       <\/div>     <\/div>   <\/div>         <div class=\"parallax-trigger fullsize page-cover-thumbnail\" data-magic=\"parallax\">       <picture class=\"page-cover__picture parallax-trigger__item\" data-item=\"parallax-item\">         <img decoding=\"async\" src=\"https:\/\/www.ginefiv.com\/wp-content\/uploads\/2023\/10\/aviso-legal.png\" alt=\"Politica di Protezione dei Dati: informazioni estese\">       <\/picture>     <\/div>     <\/section>   <section class=\"wp-block-breadcrumbs\">   <div class=\"content-wrapper\">     <ul>                   <li>               <a href=\"https:\/\/www.ginefiv.com\/it\/\" title=\"Ginefiv Espa\u00f1a\">                 Ginefiv              <\/a>             <\/li>                         <li>               <span class=\"current\" title=\"Politica di Protezione dei Dati: informazioni estese\">                 Politica di Protezione dei Dati: informazioni estese              <\/span>             <\/li>                 <\/ul>   <\/div> <\/section>   <section  class=\"text-block background-light custom-block-spacing\">   <div class=\"container\">     <div class=\"row\">       <div class=\"col-12\">         <div class=\"text-block__text-wrapper text-heading-block alignment-left\" data-magic=\"appear-in\">                     <h3 class=\"title-display\">Che cosa si intende per &#8220;dati personali&#8221;?<\/h3> <p>Tutte le informazioni su una persona fisica identificata o identificabile; vale a dire, informazioni sulle persone. Questo costituisce un diritto fondamentale delle persone.<\/p>                   <\/div>       <\/div>     <\/div>   <\/div>  <\/section>  <section  class=\"text-block background-light custom-block-spacing\">   <div class=\"container\">     <div class=\"row\">       <div class=\"col-12\">         <div class=\"text-block__text-wrapper text-heading-block alignment-left\" data-magic=\"appear-in\">                     <h3 class=\"title-display\">Chi \u00e8 il titolare dei dati?<\/h3> <p>Il titolare dei dati \u00e8 la persona f\u00edsica identificabile la cui identit\u00e0 pu\u00f2 essere determinata, direttamente o indirettamente, in particolare attraverso un identificatore, ad esempio, il nome, un numero di identificazione, ad esempio, quello della C.I.C. o della Sicurezza Sociale; i dati relativi alla localizzazione, ad esempio, il luego di residenza, l\u2019indirizzo web (servizi di geolocalizzazione), l\u2019indirizzo elettronico o profilo in una rete sociale; altri identificatori online o relativi ai elementi propri dell\u2019identit\u00e0 f\u00edsica, fisiologica, gen\u00e9tica, psichica, economica, culturale o sociale della persona, ad esempio, l\u2019impronta dentale, certe prove genetiche o fisiche, ecc.<\/p>                   <\/div>       <\/div>     <\/div>   <\/div>  <\/section>  <section  class=\"text-block background-light custom-block-spacing\">   <div class=\"container\">     <div class=\"row\">       <div class=\"col-12\">         <div class=\"text-block__text-wrapper text-heading-block alignment-left\" data-magic=\"appear-in\">                     <h3 class=\"title-display\">Chi sono i responsabili del trattamento dei dati personali?<\/h3> <p>Il responsabile del trattamento dei dati personali \u00e8 GINEFIV, S.L., che fornisce i suoi servizi nel local della Clinica Ginefiv. Pu\u00f2 mettersi in conttatto con la sede della clinica, situata in Calle Jos\u00e9 Silva 18, 28043 Madrid, Tlf: (+34) 915 197 541.<br \/> Inoltre, se Lei ha bisogno di consulenza, invii inviare un\u00b4email al nostro Delegato alla Protezione dei Dati (DPD) independente (dpd@ginefiv.com).<br \/> Pu\u00f2 anche presentare un reclamo preso la Agencia Espa\u00f1ola de Protecci\u00f3n de Datos (agenzia spagola per la protezione dei dati).<\/p>                   <\/div>       <\/div>     <\/div>   <\/div>  <\/section>  <section  class=\"text-block background-light custom-block-spacing\">   <div class=\"container\">     <div class=\"row\">       <div class=\"col-12\">         <div class=\"text-block__text-wrapper text-heading-block alignment-left\" data-magic=\"appear-in\">                     <h3 class=\"title-display\">\u00bfTipi di dati personali?<\/h3> <p><strong>Dati di filiazione:<\/strong><span>&nbsp;(nome, cognome, data e luogo di nascita, sesso e nazionalit\u00e0; C.I.C., NIE o carta di soggiorno, numero della Securit\u00e0 Sociale o della tessera di assicurazione malattia, se del caso; societ\u00e0 di assicurazione e numero della polizza, se del caso; luogo di residenza (indirizzo, codice postale, citt\u00e0, provincia); indirizzo elettronico, telefono fisso e\/o cellulare, ecc.).<\/span><br \/><strong>Altri dati personali:<\/strong><span>&nbsp;immagini (fotografie, immagini diagnostiche, forme), voce, impronte fisiche, caratteristiche fisiche o antropometriche (altezza, peso, colore dei capelli, ecc.); firma, impronta digitale, firma elettronica.<\/span><br \/><strong>Dati relativi alle circostanze social:<\/strong><span>&nbsp;stato civilie, dati sulla famiglia (figli, genitori, fratelli e sorelle); propriet\u00e0, possessi; passatempi e stile di vita, adesione a club e associazioni; licenze, permessi o autorizzazioni.<\/span><br \/><strong>Dati academici e professionali:<\/strong><span>&nbsp;i dati indicati generalmente nel Curriculum Vitae, ad esempio, educazione, diplomi, formazione accademica e storia formativa continua pre e post professionale, esperienza professionale, appartenanza ad un ordine o associazione professionale.<\/span><br \/><strong>Dati relativi all\u2019occupazione:<\/strong><span>&nbsp;professione, posto di lavoro, dati non economici della busta paga o storia lavorativa.<\/span><br \/><strong>Dati che forniscono informazione commerciale:<\/strong><span>&nbsp;attivit\u00e0 e affari, licenze commerciali, abbonamenti a pubblicazioni o mezzi di comunicazione, creazione artistiche, letterarie, scientifiche o tecniche.<\/span><br \/><strong>Dati economici:<\/strong><span>&nbsp;dati bancari; numeri, dati e storia creditizia o carte di credito o debito; redditi, entrate, investimenti, beni patrimoniale; stipendio e dati economici della busta paga, tipi di tasse e di deduzioni; mutui, prestiti, crediti, avali; investimenti, piani pensionistici, pensioni; assicurazioni, sussidi e altri benefici; operazioni finanziarie, compensazioni o indennit\u00e0.<\/span><br \/><strong>Dati speciali:<\/strong><span>&nbsp;informazioni relative alla religione, iscrizioni sindicali, il partito politico che Lei vota o al quale appartiene, origine razziale, stato di salute o vita sessuale, reati o infrazioni amministrativi.<\/p> <p><\/span><span><\/span><\/p>                   <\/div>       <\/div>     <\/div>   <\/div>  <\/section>  <section  class=\"text-block background-light custom-block-spacing\">   <div class=\"container\">     <div class=\"row\">       <div class=\"col-12\">         <div class=\"text-block__text-wrapper text-heading-block alignment-left\" data-magic=\"appear-in\">                     <h3 class=\"title-display\">Tipi di dati personali trattati da noi?<\/h3> <h4 class=\"title-display\">Dati dei pazienti<\/h4> <p>     <strong>Dati di filiazione<\/strong><span         >&nbsp;(nome, cognome, data e luogo di nascita, sesso e nazionalit\u00e0; C.I.C., NIE o carta di soggiorno, numero della Securit\u00e0 Sociale o della tessera di assicurazione malattia, se del caso; societ\u00e0 di assicurazione e numero della polizza, se del caso; luogo di residenza (indirizzo, codice postale, citt\u00e0, provincia); indirizzo elettronico, telefono fisso e\/o cellulare.<\/span><br \/><strong>Altri dati personali:<\/strong><span         >campioni fisiologici (sangue, tessuti, fluidi, ecc.), campioni fisiologici per test genetici, embrioni, immagini(fotografie di videosorveglianza, fotografie della storia clinica, immagini diagnostiche), segni fisici, caratteristiche fisiche o antropometriche (altezza, peso, colore dei capelli, ecc.); firma, firma elettronica, seprocede.<\/span><br \/><strong>Dati relativi allo stato di salute:<\/strong><span>&nbsp;oltre ai campioni, risultati di riferti medici, immaginidiagnostiche e forme, risultati di test diagnostici e di esami medici,sintomi, farmaci, ecc.<\/span> <\/p> <h4 class=\"title-display\">Dati del nostro personale<\/h4> <p>     <span         >Si intende per \u201cpersonale\u201d i lavoratori assunti dalla nostra azienda e<br \/>         gli associati professionali ed autonomi, cos\u00ec come i lavoratori dei<br \/>         fornitori che lavorano nei nostri local.<\/span><br \/><strong>Dati di filiazione<\/strong><span>&nbsp;(nome, cognome, data e luogo di nascita, sesso e nazionalit\u00e0;C.I.C., NIE o carta di soggiorno, numero della Securit\u00e0 Sociale;assicurazione malattia, se del caso; luogo di residenza (indirizzo,codice postale, citt\u00e0, provincia); indirizzo elettronico, telefono fisso e\/o cellurare.<\/span><br \/><strong>Altri dati personali:<\/strong><span>&nbsp;immagini (fotograf\u00eda); firma, firma elettronica, se delcaso.<\/span><br \/><strong>Dati relativi alle circostanza social:<\/strong><span>&nbsp;stato civile, dati sulla famiglia (figli, genitori, fratelli esorelle); associazioni professionali; licenze, permessi o autorizzazioni rispettive.<\/span><br \/><strong>Dati academici e professionali:<\/strong><span>&nbsp;i dati indicati nel Curriculum Vitae dei candidati, cos\u00ec come i dati dei dossier del personale (lavoratori della nostra azienda e collaboratori esterni abituali), come ad esempio, educazione, diplomi, formazione academica e storia formativa continua pre e post professionale, esperienza professionale, appartenanza ad un ordine o associazione professionale.<\/span><br \/><strong>Dati relativi all\u2019occupazione:<\/strong><span         >&nbsp;professione, posto di lavoro, dati non economici della busta paga<br \/>         o storia lavorativa.<\/span><br \/><strong>Dati che forniscono informazione commerciale:<\/strong><span>&nbsp;attivit\u00e0 e affari con i collaboratori esterni, pubblicazioni scientiche o tecniche.<\/span><br \/><strong>Dati economici:<\/strong><span>&nbsp;dati bancari; stipendi e dati economici della busta paga, tipi de tase e di deduzioni; piani pensionistici, se del caso; pensione assicurazioni, se del caso; indennit\u00e0.<\/span> <\/p> <h4 class=\"title-display\">Dati delle persone associate<\/h4> <p>     <span>Si intende per \u201cpersone associate\u201d i clienti e fornitori e, in generale, le persone appartenenti alle organizzazioni con cui abbiamo relazione.<\/span><br \/><strong>Dati di fialiazione:<\/strong><span>&nbsp;nome, cognome; C.I.C, NIE o carta di soggiorno, se del caso; indirizzo elettronico professionale, telefono fisso e\/o cellulare professionale.<\/span><br \/><strong>Altri dati personali:<\/strong><span>&nbsp;immagini ripresse durante visite, videosorveglianza; evento commerciali congiunti o volantini commerciali (fotografie); firma, firma elettronica, se del caso.<\/span><br \/><strong>Dati academici e professionali:<\/strong><span>&nbsp;i dati generalmente indicati nel Curriculum Vitae, secondo i casi, come educazione, diplomi, storia formativa continua pre e post professionale, esperienza profesionale, appartenanza ad un ordine o associazione professionale.<\/span><br \/><strong>Dati relativi all\u2019occupazione<\/strong><span>: professione, posto di lavoro.<\/span><br \/><strong>Dati che forniscono informazione commerciale:<\/strong><span>&nbsp;pubblicazioni scientifiche o tecniche, se del caso.<\/span><br \/><strong>Dati commerciali o mercantili:<\/strong><span>&nbsp;posto, indirizzo dell\u2019azienda, altri dati necessari per la relazione.<\/p> <p><\/span><\/p>                   <\/div>       <\/div>     <\/div>   <\/div>  <\/section>   <section> \t<div class=\"cta-block-container\"> \t\t<div class=\"cta-block-container__title\"> \t\t\t<p><h2>Ha qualche<br \/> dubbio?<\/p> <h2> <\/p> \t\t<\/div> \t\t<div class=\"cta-block-container__separator d-none d-md-flex\"> \t\t\t<picture> \t\t\t\t<img decoding=\"async\" class=\"separator__img\" src=\"https:\/\/www.ginefiv.com\/wp-content\/themes\/wac-theme\/assets\/images\/icons\/cta-separator.webp\" alt=\"\"> \t\t\t<\/picture> \t\t<\/div> \t\t<div class=\"cta-block-container__icons-row\"> \t\t\t\t\t\t\t<div class=\"actions\"> \t\t\t\t\t<picture class=\"action__thumbnail\"> \t\t\t\t\t\t<img decoding=\"async\" class=\"action__img\" src=\"https:\/\/www.ginefiv.com\/wp-content\/themes\/wac-theme\/assets\/images\/icons\/cta-phone.webp\" alt=\"\"> \t\t\t\t\t<\/picture> \t\t\t\t\t<div class=\"action__text\"> \t\t\t\t\t\t\t\t\t\t\t\t\t<a class=\"action__text\" href=\"tel:+34 917 888 088\" target=\"_blank\"> \t\t\t\t\t\t\t\t<p> \t\t\t\t\t\t\t\t\tChiama gratis <br><strong>+34 917 888 088<\/strong>\t\t\t\t\t\t\t\t<\/p> \t\t\t\t\t\t\t<\/a> \t\t\t\t\t\t\t\t\t\t\t<\/div> \t\t\t\t<\/div> \t\t\t\t\t\t\t<div class=\"actions\"> \t\t\t\t\t<picture class=\"action__thumbnail\"> \t\t\t\t\t\t<img decoding=\"async\" class=\"action__img\" src=\"https:\/\/www.ginefiv.com\/wp-content\/themes\/wac-theme\/assets\/images\/icons\/cta-clinics.webp\" alt=\"\"> \t\t\t\t\t<\/picture> \t\t\t\t\t<a class=\"action__text permalink underlined\" href=\"https:\/\/www.ginefiv.com\/clinicas\/\"> \t\t\t\t\t\t<p>Venga a visitarci nelle<\/p> \t\t\t\t\t\t<strong>nostre cliniche<\/strong> \t\t\t\t\t<\/a> \t\t\t\t<\/div> \t\t\t\t\t\t\t<div class=\"actions\"> \t\t\t\t\t<picture class=\"action__thumbnail\"> \t\t\t\t\t\t<img decoding=\"async\" class=\"action__img\" src=\"https:\/\/www.ginefiv.com\/wp-content\/themes\/wac-theme\/assets\/images\/icons\/cta-appointment.webp\" alt=\"\"> \t\t\t\t\t<\/picture> \t\t\t\t\t<a class=\"action__text permalink underlined\" href=\"https:\/\/www.ginefiv.com\/it\/prendi-un-appuntamento\/\"> \t\t\t\t\t\t<p>Chieda un<\/p> \t\t\t\t\t\t<strong>appuntamento<\/strong> \t\t\t\t\t<\/a> \t\t\t\t<\/div> \t\t\t\t\t<\/div> \t<\/div> <\/section>","protected":false},"excerpt":{"rendered":"","protected":false},"author":1,"featured_media":3515,"parent":0,"menu_order":0,"comment_status":"closed","ping_status":"closed","template":"","meta":{"_acf_changed":false,"footnotes":""},"class_list":["post-5717","page","type-page","status-publish","has-post-thumbnail","hentry"],"acf":[],"yoast_head":"<!-- This site is optimized with the Yoast SEO plugin v27.0 - https:\/\/yoast.com\/product\/yoast-seo-wordpress\/ -->\n<title>Politica di Protezione dei Dati: informazioni estese | Ginefiv Espa\u00f1a<\/title>\n<meta name=\"robots\" content=\"index, follow, max-snippet:-1, max-image-preview:large, max-video-preview:-1\" \/>\n<link rel=\"canonical\" href=\"https:\/\/www.ginefiv.com\/it\/protezione-dei-dati\/\" \/>\n<meta property=\"og:locale\" content=\"it_IT\" \/>\n<meta property=\"og:type\" content=\"article\" \/>\n<meta property=\"og:title\" content=\"Politica di Protezione dei Dati: informazioni estese | Ginefiv Espa\u00f1a\" \/>\n<meta property=\"og:url\" content=\"https:\/\/www.ginefiv.com\/it\/protezione-dei-dati\/\" \/>\n<meta property=\"og:site_name\" content=\"Ginefiv Espa\u00f1a\" \/>\n<meta property=\"article:modified_time\" content=\"2024-02-12T06:27:55+00:00\" \/>\n<meta property=\"og:image\" content=\"https:\/\/www.ginefiv.com\/wp-content\/uploads\/2023\/10\/aviso-legal-1024x683.png\" \/>\n\t<meta property=\"og:image:width\" content=\"1024\" \/>\n\t<meta property=\"og:image:height\" content=\"683\" \/>\n\t<meta property=\"og:image:type\" content=\"image\/png\" \/>\n<meta name=\"twitter:card\" content=\"summary_large_image\" \/>\n<meta name=\"twitter:label1\" content=\"Tempo di lettura stimato\" \/>\n\t<meta name=\"twitter:data1\" content=\"1 minuto\" \/>\n<script type=\"application\/ld+json\" class=\"yoast-schema-graph\">{\"@context\":\"https:\/\/schema.org\",\"@graph\":[{\"@type\":\"WebPage\",\"@id\":\"https:\/\/www.ginefiv.com\/it\/protezione-dei-dati\/\",\"url\":\"https:\/\/www.ginefiv.com\/it\/protezione-dei-dati\/\",\"name\":\"Politica di Protezione dei Dati: informazioni estese | Ginefiv Espa\u00f1a\",\"isPartOf\":{\"@id\":\"https:\/\/www.ginefiv.com\/it\/#website\"},\"primaryImageOfPage\":{\"@id\":\"https:\/\/www.ginefiv.com\/it\/protezione-dei-dati\/#primaryimage\"},\"image\":{\"@id\":\"https:\/\/www.ginefiv.com\/it\/protezione-dei-dati\/#primaryimage\"},\"thumbnailUrl\":\"https:\/\/www.ginefiv.com\/wp-content\/uploads\/2023\/10\/aviso-legal.png\",\"datePublished\":\"2023-10-19T08:04:31+00:00\",\"dateModified\":\"2024-02-12T06:27:55+00:00\",\"breadcrumb\":{\"@id\":\"https:\/\/www.ginefiv.com\/it\/protezione-dei-dati\/#breadcrumb\"},\"inLanguage\":\"it-IT\",\"potentialAction\":[{\"@type\":\"ReadAction\",\"target\":[\"https:\/\/www.ginefiv.com\/it\/protezione-dei-dati\/\"]}]},{\"@type\":\"ImageObject\",\"inLanguage\":\"it-IT\",\"@id\":\"https:\/\/www.ginefiv.com\/it\/protezione-dei-dati\/#primaryimage\",\"url\":\"https:\/\/www.ginefiv.com\/wp-content\/uploads\/2023\/10\/aviso-legal.png\",\"contentUrl\":\"https:\/\/www.ginefiv.com\/wp-content\/uploads\/2023\/10\/aviso-legal.png\",\"width\":4500,\"height\":3000},{\"@type\":\"BreadcrumbList\",\"@id\":\"https:\/\/www.ginefiv.com\/it\/protezione-dei-dati\/#breadcrumb\",\"itemListElement\":[{\"@type\":\"ListItem\",\"position\":1,\"name\":\"Home\",\"item\":\"https:\/\/www.ginefiv.com\/it\/\"},{\"@type\":\"ListItem\",\"position\":2,\"name\":\"Politica di Protezione dei Dati: informazioni estese\"}]},{\"@type\":\"WebSite\",\"@id\":\"https:\/\/www.ginefiv.com\/it\/#website\",\"url\":\"https:\/\/www.ginefiv.com\/it\/\",\"name\":\"Ginefiv Espa\u00f1a\",\"description\":\"Ginefiv, tu cl\u00ednica de reproducci\u00f3n asistida. 35 a\u00f1os de experiencia en inseminaci\u00f3n artificial y fecundaci\u00f3n in vitro\",\"publisher\":{\"@id\":\"https:\/\/www.ginefiv.com\/it\/#organization\"},\"potentialAction\":[{\"@type\":\"SearchAction\",\"target\":{\"@type\":\"EntryPoint\",\"urlTemplate\":\"https:\/\/www.ginefiv.com\/it\/?s={search_term_string}\"},\"query-input\":{\"@type\":\"PropertyValueSpecification\",\"valueRequired\":true,\"valueName\":\"search_term_string\"}}],\"inLanguage\":\"it-IT\"},{\"@type\":\"Organization\",\"@id\":\"https:\/\/www.ginefiv.com\/it\/#organization\",\"name\":\"Ginefiv\",\"url\":\"https:\/\/www.ginefiv.com\/it\/\",\"logo\":{\"@type\":\"ImageObject\",\"inLanguage\":\"it-IT\",\"@id\":\"https:\/\/www.ginefiv.com\/it\/#\/schema\/logo\/image\/\",\"url\":\"https:\/\/www.ginefiv.com\/wp-content\/uploads\/2023\/12\/descarga.png\",\"contentUrl\":\"https:\/\/www.ginefiv.com\/wp-content\/uploads\/2023\/12\/descarga.png\",\"width\":437,\"height\":115,\"caption\":\"Ginefiv\"},\"image\":{\"@id\":\"https:\/\/www.ginefiv.com\/it\/#\/schema\/logo\/image\/\"}}]}<\/script>\n<!-- \/ Yoast SEO plugin. -->","yoast_head_json":{"title":"Politica di Protezione dei Dati: informazioni estese | Ginefiv Espa\u00f1a","robots":{"index":"index","follow":"follow","max-snippet":"max-snippet:-1","max-image-preview":"max-image-preview:large","max-video-preview":"max-video-preview:-1"},"canonical":"https:\/\/www.ginefiv.com\/it\/protezione-dei-dati\/","og_locale":"it_IT","og_type":"article","og_title":"Politica di Protezione dei Dati: informazioni estese | Ginefiv Espa\u00f1a","og_url":"https:\/\/www.ginefiv.com\/it\/protezione-dei-dati\/","og_site_name":"Ginefiv Espa\u00f1a","article_modified_time":"2024-02-12T06:27:55+00:00","og_image":[{"width":1024,"height":683,"url":"https:\/\/www.ginefiv.com\/wp-content\/uploads\/2023\/10\/aviso-legal-1024x683.png","type":"image\/png"}],"twitter_card":"summary_large_image","twitter_misc":{"Tempo di lettura stimato":"1 minuto"},"schema":{"@context":"https:\/\/schema.org","@graph":[{"@type":"WebPage","@id":"https:\/\/www.ginefiv.com\/it\/protezione-dei-dati\/","url":"https:\/\/www.ginefiv.com\/it\/protezione-dei-dati\/","name":"Politica di Protezione dei Dati: informazioni estese | Ginefiv Espa\u00f1a","isPartOf":{"@id":"https:\/\/www.ginefiv.com\/it\/#website"},"primaryImageOfPage":{"@id":"https:\/\/www.ginefiv.com\/it\/protezione-dei-dati\/#primaryimage"},"image":{"@id":"https:\/\/www.ginefiv.com\/it\/protezione-dei-dati\/#primaryimage"},"thumbnailUrl":"https:\/\/www.ginefiv.com\/wp-content\/uploads\/2023\/10\/aviso-legal.png","datePublished":"2023-10-19T08:04:31+00:00","dateModified":"2024-02-12T06:27:55+00:00","breadcrumb":{"@id":"https:\/\/www.ginefiv.com\/it\/protezione-dei-dati\/#breadcrumb"},"inLanguage":"it-IT","potentialAction":[{"@type":"ReadAction","target":["https:\/\/www.ginefiv.com\/it\/protezione-dei-dati\/"]}]},{"@type":"ImageObject","inLanguage":"it-IT","@id":"https:\/\/www.ginefiv.com\/it\/protezione-dei-dati\/#primaryimage","url":"https:\/\/www.ginefiv.com\/wp-content\/uploads\/2023\/10\/aviso-legal.png","contentUrl":"https:\/\/www.ginefiv.com\/wp-content\/uploads\/2023\/10\/aviso-legal.png","width":4500,"height":3000},{"@type":"BreadcrumbList","@id":"https:\/\/www.ginefiv.com\/it\/protezione-dei-dati\/#breadcrumb","itemListElement":[{"@type":"ListItem","position":1,"name":"Home","item":"https:\/\/www.ginefiv.com\/it\/"},{"@type":"ListItem","position":2,"name":"Politica di Protezione dei Dati: informazioni estese"}]},{"@type":"WebSite","@id":"https:\/\/www.ginefiv.com\/it\/#website","url":"https:\/\/www.ginefiv.com\/it\/","name":"Ginefiv Espa\u00f1a","description":"Ginefiv, tu cl\u00ednica de reproducci\u00f3n asistida. 35 a\u00f1os de experiencia en inseminaci\u00f3n artificial y fecundaci\u00f3n in vitro","publisher":{"@id":"https:\/\/www.ginefiv.com\/it\/#organization"},"potentialAction":[{"@type":"SearchAction","target":{"@type":"EntryPoint","urlTemplate":"https:\/\/www.ginefiv.com\/it\/?s={search_term_string}"},"query-input":{"@type":"PropertyValueSpecification","valueRequired":true,"valueName":"search_term_string"}}],"inLanguage":"it-IT"},{"@type":"Organization","@id":"https:\/\/www.ginefiv.com\/it\/#organization","name":"Ginefiv","url":"https:\/\/www.ginefiv.com\/it\/","logo":{"@type":"ImageObject","inLanguage":"it-IT","@id":"https:\/\/www.ginefiv.com\/it\/#\/schema\/logo\/image\/","url":"https:\/\/www.ginefiv.com\/wp-content\/uploads\/2023\/12\/descarga.png","contentUrl":"https:\/\/www.ginefiv.com\/wp-content\/uploads\/2023\/12\/descarga.png","width":437,"height":115,"caption":"Ginefiv"},"image":{"@id":"https:\/\/www.ginefiv.com\/it\/#\/schema\/logo\/image\/"}}]}},"_links":{"self":[{"href":"https:\/\/www.ginefiv.com\/it\/wp-json\/wp\/v2\/pages\/5717","targetHints":{"allow":["GET"]}}],"collection":[{"href":"https:\/\/www.ginefiv.com\/it\/wp-json\/wp\/v2\/pages"}],"about":[{"href":"https:\/\/www.ginefiv.com\/it\/wp-json\/wp\/v2\/types\/page"}],"author":[{"embeddable":true,"href":"https:\/\/www.ginefiv.com\/it\/wp-json\/wp\/v2\/users\/1"}],"replies":[{"embeddable":true,"href":"https:\/\/www.ginefiv.com\/it\/wp-json\/wp\/v2\/comments?post=5717"}],"version-history":[{"count":0,"href":"https:\/\/www.ginefiv.com\/it\/wp-json\/wp\/v2\/pages\/5717\/revisions"}],"wp:featuredmedia":[{"embeddable":true,"href":"https:\/\/www.ginefiv.com\/it\/wp-json\/wp\/v2\/media\/3515"}],"wp:attachment":[{"href":"https:\/\/www.ginefiv.com\/it\/wp-json\/wp\/v2\/media?parent=5717"}],"curies":[{"name":"wp","href":"https:\/\/api.w.org\/{rel}","templated":true}]}}